{"id":453199,"date":"2026-05-01T09:10:41","date_gmt":"2026-05-01T07:10:41","guid":{"rendered":"https:\/\/www.fabrizioaltieri.it\/wordpress\/?page_id=453199"},"modified":"2026-05-01T09:38:06","modified_gmt":"2026-05-01T07:38:06","slug":"il-pittore-dei-mammut","status":"publish","type":"page","link":"https:\/\/www.fabrizioaltieri.it\/wordpress\/tutti-i-miei-libri-per-ragazzi\/battello-a-vapore\/serie-azzurra\/il-pittore-dei-mammut\/","title":{"rendered":"Il pittore dei mammut"},"content":{"rendered":"<div class='ai-viewports ai-viewport-3 ai-insert-55-94191345' style='margin: 8px auto; text-align: center; display: block; clear: both;' data-insertion-position='prepend' data-selector='.ai-insert-55-94191345' data-insertion-no-dbg data-code='PGRpdiBjbGFzcz0nY29kZS1ibG9jayBjb2RlLWJsb2NrLTU1IGNvZGUtYmxvY2stcHJpbWEtZGVsLWNvbnRlbnV0by1maXNzbyBhaS10cmFjaycgZGF0YS1haT0nV3pVMUxDSWlMQ0p3Y21sdFlTQmtaV3dnWTI5dWRHVnVkWFJ2SUdacGMzTnZJaXdpSWl3eFhRPT0nIHN0eWxlPSdtYXJnaW46IDhweCBhdXRvOyB0ZXh0LWFsaWduOiBjZW50ZXI7IGRpc3BsYXk6IGJsb2NrOyBjbGVhcjogYm90aDsnPgoKPGRpdiBjbGFzcz0nYWktcm90YXRlIGFpLXVucHJvY2Vzc2VkIGFpLXJvdGF0ZS01NS02OTE1Mzg2NicgZGF0YS1zaGFyZXM9J1d5MHhMRFUxTERFd01GMD0nIHN0eWxlPSdwb3NpdGlvbjogcmVsYXRpdmU7Jz4KPGRpdiBjbGFzcz0iYWktcm90YXRlLW9wdGlvbiIgZGF0YS1pbmRleD0iMSIgZGF0YS1uYW1lPSJRUT09IiBkYXRhLWNvZGU9IkNnbzhjMk55YVhCMElHRnplVzVqSUhOeVl6MGlhSFIwY0hNNkx5OXdZV2RsWVdReUxtZHZiMmRzWlhONWJtUnBZMkYwYVc5dUxtTnZiUzl3WVdkbFlXUXZhbk12WVdSellubG5iMjluYkdVdWFuTS9ZMnhwWlc1MFBXTmhMWEIxWWkwMk16Y3pOVFU0TVRBeE1UYzNPRFkxSWdvZ0lDQWdJR055YjNOemIzSnBaMmx1UFNKaGJtOXVlVzF2ZFhNaVBqd3ZjMk55YVhCMFBnbzhJUzB0SUhCeWFXMWhJR1JsYkd3bllYSjBhV052Ykc4Z2MyMWhjblJ3YUc5dVpTQXlNREkxSUMwdFBnbzhhVzV6SUdOc1lYTnpQU0poWkhOaWVXZHZiMmRzWlNJS0lDQWdJQ0J6ZEhsc1pUMGlaR2x6Y0d4aGVUcGliRzlqYXlJS0lDQWdJQ0JrWVhSaExXRmtMV05zYVdWdWREMGlZMkV0Y0hWaUxUWXpOek0xTlRneE1ERXhOemM0TmpVaUNpQWdJQ0FnWkdGMFlTMWhaQzF6Ykc5MFBTSXhNalk1TnpVeE16QXlJZ29nSUNBZ0lHUmhkR0V0WVdRdFptOXliV0YwUFNKaGRYUnZJZ29nSUNBZ0lHUmhkR0V0Wm5Wc2JDMTNhV1IwYUMxeVpYTndiMjV6YVhabFBTSjBjblZsSWo0OEwybHVjejRLUEhOamNtbHdkRDRLSUNBZ0lDQW9ZV1J6WW5sbmIyOW5iR1VnUFNCM2FXNWtiM2N1WVdSellubG5iMjluYkdVZ2ZId2dXMTBwTG5CMWMyZ29lMzBwT3dvOEwzTmpjbWx3ZEQ0S0NqeHdJSE4wZVd4bFBTSjBaWGgwTFdGc2FXZHVPaUJqWlc1MFpYSTdJajQ4WVNCb2NtVm1QU0pvZEhSd2N6b3ZMM2QzZHk1bVlXSnlhWHBwYjJGc2RHbGxjbWt1YVhRdmQyOXlaSEJ5WlhOekwybHVZMjl1ZEhKdkxXTnZiaTFzWVhWMGIzSmxMeUkrUEdsdFp5QmpiR0Z6Y3owaVlXeHBaMjV1YjI1bElIZHdMV2x0WVdkbExUUXdNVEk0TnlBaUlITnlZejBpYUhSMGNITTZMeTkzZDNjdVptRmljbWw2YVc5aGJIUnBaWEpwTG1sMEwzZHZjbVJ3Y21WemN5OTNjQzFqYjI1MFpXNTBMM1Z3Ykc5aFpITXZNakF5TXk4eE1pOXpZM0pwZEhSdmNtOXVaUzFsTVRjeU9UTXlOekUxTVRFME5DMHpNREI0TXpBd0xtcHdaeUlnWVd4MFBTSlRZM0pwZEhSdmNtOXVaU0lnZDJsa2RHZzlJamt3SWlCb1pXbG5hSFE5SWprd0lpQXZQand2WVQ0OEwzQStDZ284YURNZ2MzUjViR1U5SW5SbGVIUXRZV3hwWjI0NklHTmxiblJsY2pzaVBqeHpkSEp2Ym1jK1ZuVnZhU0JwYm1OdmJuUnlZWEp0YVNCdVpXeHNZU0IwZFdFZ2MyTjFiMnhoUHlBOFlTQm9jbVZtUFNKb2RIUndjem92TDNkM2R5NW1ZV0p5YVhwcGIyRnNkR2xsY21rdWFYUXZkMjl5WkhCeVpYTnpMMmx1WTI5dWRISnZMV052Ymkxc1lYVjBiM0psTHlJK1EyeHBZMk5oSUhGMWFTQThMMkUrUEM5emRISnZibWMrUEM5b016NEtDZ29LQ2c9PSI+CjwvZGl2Pgo8ZGl2IGNsYXNzPSJhaS1yb3RhdGUtb3B0aW9uIiBkYXRhLWluZGV4PSIyIiBkYXRhLW5hbWU9IlFnPT0iIGRhdGEtY29kZT0iQ2p4elkzSnBjSFFnWVhONWJtTWdjM0pqUFNKb2RIUndjem92TDNCaFoyVmhaREl1WjI5dloyeGxjM2x1WkdsallYUnBiMjR1WTI5dEwzQmhaMlZoWkM5cWN5OWhaSE5pZVdkdmIyZHNaUzVxY3o5amJHbGxiblE5WTJFdGNIVmlMVFl6TnpNMU5UZ3hNREV4TnpjNE5qVWlDaUFnSUNBZ1kzSnZjM052Y21sbmFXNDlJbUZ1YjI1NWJXOTFjeUkrUEM5elkzSnBjSFErQ2p3aExTMGdjSEpwYldFZ1pHVnNiQ2RoY25ScFkyOXNieUJ6YldGeWRIQm9iMjVsSURJd01qVWdMUzArQ2p4cGJuTWdZMnhoYzNNOUltRmtjMko1WjI5dloyeGxJZ29nSUNBZ0lITjBlV3hsUFNKa2FYTndiR0Y1T21Kc2IyTnJJZ29nSUNBZ0lHUmhkR0V0WVdRdFkyeHBaVzUwUFNKallTMXdkV0l0TmpNM016VTFPREV3TVRFM056ZzJOU0lLSUNBZ0lDQmtZWFJoTFdGa0xYTnNiM1E5SWpFeU5qazNOVEV6TURJaUNpQWdJQ0FnWkdGMFlTMWhaQzFtYjNKdFlYUTlJbUYxZEc4aUNpQWdJQ0FnWkdGMFlTMW1kV3hzTFhkcFpIUm9MWEpsYzNCdmJuTnBkbVU5SW5SeWRXVWlQand2YVc1elBnbzhjMk55YVhCMFBnb2dJQ0FnSUNoaFpITmllV2R2YjJkc1pTQTlJSGRwYm1SdmR5NWhaSE5pZVdkdmIyZHNaU0I4ZkNCYlhTa3VjSFZ6YUNoN2ZTazdDand2YzJOeWFYQjBQZ29LUEhBZ2MzUjViR1U5SW5SbGVIUXRZV3hwWjI0NklHTmxiblJsY2pzaVBqeHpkSEp2Ym1jK1BHRWdhSEpsWmowaWFIUjBjSE02THk5M2QzY3VabUZpY21sNmFXOWhiSFJwWlhKcExtbDBMM2R2Y21Sd2NtVnpjeTlrYjNkdWJHOWhaQzh5TlRBNE1TOC9kRzF6ZEhZOU1UYzBPVEk0Tnpjek1TSStQR2x0WnlCamJHRnpjejBpWVd4cFoyNXViMjVsSUhkd0xXbHRZV2RsTFRRNE1qRWdjMmw2WlMxbWRXeHNJaUIwYVhSc1pUMGljR1JtSUhOamFHVmtaU0JrWldrZ2JXbGxhU0JzYVdKeWFTSWdjM0pqUFNKb2RIUndjem92TDNkM2R5NW1ZV0p5YVhwcGIyRnNkR2xsY21rdWFYUXZkMjl5WkhCeVpYTnpMM2R3TFdOdmJuUmxiblF2ZFhCc2IyRmtjeTh5TURFMUx6QTRMM0JrWm1samIyNHRaVEUxTmpRd05qWXhPVFEwTnpZdWNHNW5JaUJoYkhROUluQmtaaUJ6WTJobFpHVWdaR1ZwSUcxcFpXa2diR2xpY21raUlIZHBaSFJvUFNJMk1DSWdhR1ZwWjJoMFBTSTJNQ0lnTHo0OEwyRStVMk5oY21sallTQnNaU0J6WTJobFpHVWdaR1ZwSUcxcFpXa2diR2xpY21rOEwzTjBjbTl1Wno0Z1BHRWdhSEpsWmowaWFIUjBjSE02THk5M2QzY3VabUZpY21sNmFXOWhiSFJwWlhKcExtbDBMM2R2Y21Sd2NtVnpjeTlrYjNkdWJHOWhaQzh5TlRBNE1TOC9kRzF6ZEhZOU1UYzBPVEk0Tnpjek1TSWdkR0Z5WjJWMFBTSmZZbXhoYm1zaUlISmxiRDBpYm05dmNHVnVaWElpUGp4emRISnZibWMrUTB4SlEwTkJJRkZWU1R3dmMzUnliMjVuUGp3dllUNDhMM0ErQ2dvS0Nnb0tDZz09Ij4KPC9kaXY+CjxkaXYgY2xhc3M9ImFpLXJvdGF0ZS1vcHRpb24iIGRhdGEtaW5kZXg9IjMiIGRhdGEtbmFtZT0iUXc9PSIgZGF0YS1jb2RlPSJDZ29LUEhOamNtbHdkQ0JoYzNsdVl5QnpjbU05SW1oMGRIQnpPaTh2Y0dGblpXRmtNaTVuYjI5bmJHVnplVzVrYVdOaGRHbHZiaTVqYjIwdmNHRm5aV0ZrTDJwekwyRmtjMko1WjI5dloyeGxMbXB6UDJOc2FXVnVkRDFqWVMxd2RXSXROak0zTXpVMU9ERXdNVEUzTnpnMk5TSUtJQ0FnSUNCamNtOXpjMjl5YVdkcGJqMGlZVzV2Ym5sdGIzVnpJajQ4TDNOamNtbHdkRDRLUENFdExTQndjbWx0WVNCa1pXeHNKMkZ5ZEdsamIyeHZJSE50WVhKMGNHaHZibVVnTWpBeU5TQXRMVDRLUEdsdWN5QmpiR0Z6Y3owaVlXUnpZbmxuYjI5bmJHVWlDaUFnSUNBZ2MzUjViR1U5SW1ScGMzQnNZWGs2WW14dlkyc2lDaUFnSUNBZ1pHRjBZUzFoWkMxamJHbGxiblE5SW1OaExYQjFZaTAyTXpjek5UVTRNVEF4TVRjM09EWTFJZ29nSUNBZ0lHUmhkR0V0WVdRdGMyeHZkRDBpTVRJMk9UYzFNVE13TWlJS0lDQWdJQ0JrWVhSaExXRmtMV1p2Y20xaGREMGlZWFYwYnlJS0lDQWdJQ0JrWVhSaExXWjFiR3d0ZDJsa2RHZ3RjbVZ6Y0c5dWMybDJaVDBpZEhKMVpTSStQQzlwYm5NK0NqeHpZM0pwY0hRK0NpQWdJQ0FnS0dGa2MySjVaMjl2WjJ4bElEMGdkMmx1Wkc5M0xtRmtjMko1WjI5dloyeGxJSHg4SUZ0ZEtTNXdkWE5vS0h0OUtUc0tQQzl6WTNKcGNIUStDZ284Y0NCemRIbHNaVDBpZEdWNGRDMWhiR2xuYmpvZ1kyVnVkR1Z5T3lJZ1pHRjBZUzEzY0MxbFpHbDBhVzVuUFNJeElqNDhjM1J5YjI1blBqeGhJR2h5WldZOUltaDBkSEJ6T2k4dmQzZDNMbVpoWW5KcGVtbHZZV3gwYVdWeWFTNXBkQzkzYjNKa2NISmxjM012Wkc5M2JteHZZV1F2TVRFeU16Z3ZQM1J0YzNSMlBURTNORGswT0RZd056Y2lQanhwYldjZ1kyeGhjM005SW1Gc2FXZHVibTl1WlNCM2NDMXBiV0ZuWlMwME9ESXhJSE5wZW1VdFpuVnNiQ0lnZEdsMGJHVTlJbkJrWmlCelkyaGxaR1VnWkdWcElHMXBaV2tnYkdsaWNta2dNV0VnWlNBeVlTQmxiR1Z0Wlc1MFlYSmxJaUJ6Y21NOUltaDBkSEJ6T2k4dmQzZDNMbVpoWW5KcGVtbHZZV3gwYVdWeWFTNXBkQzkzYjNKa2NISmxjM012ZDNBdFkyOXVkR1Z1ZEM5MWNHeHZZV1J6THpJd01UVXZNRGd2Y0dSbWFXTnZiaTFsTVRVMk5EQTJOakU1TkRRM05pNXdibWNpSUdGc2REMGljR1JtSUhOamFHVmtaU0JrWldrZ2JXbGxhU0JzYVdKeWFTQXhZU0JsSURKaElHVnNaVzFsYm5SaGNtVWlJSGRwWkhSb1BTSTJNQ0lnYUdWcFoyaDBQU0kyTUNJZ0x6NDhMMkUrVTJOaGNtbGpZU0JzWlNCelkyaGxaR1VnWkdWcElHMXBaV2tnYkdsaWNta2djR1Z5SURGaElHVWdNbUVnWld4bGJXVnVkR0Z5WlR3dmMzUnliMjVuUGlBOFlTQm9jbVZtUFNKb2RIUndjem92TDNkM2R5NW1ZV0p5YVhwcGIyRnNkR2xsY21rdWFYUXZkMjl5WkhCeVpYTnpMMlJ2ZDI1c2IyRmtMekV4TWpNNEx6OTBiWE4wZGoweE56UTVORGcyTURjM0lpQjBZWEpuWlhROUlsOWliR0Z1YXlJZ2NtVnNQU0p1YjI5d1pXNWxjaUkrUEhOMGNtOXVaejVEVEVsRFEwRWdVVlZKUEM5emRISnZibWMrUEM5aFBqd3ZjRDRLQ2dvPSI+CjwvZGl2Pgo8L2Rpdj4KPHNjcmlwdD5pZiAodHlwZW9mIGFpX2pzX2NvZGUgPT0gJ2Jvb2xlYW4nKSB7dmFyIGFpX2Jsb2NrX2RpdiA9IGRvY3VtZW50LnF1ZXJ5U2VsZWN0b3IgKCcuYWktcm90YXRlLTU1LTY5MTUzODY2Jyk7IGFpX3Byb2Nlc3Nfcm90YXRpb24gKGFpX2Jsb2NrX2Rpdik7IGFpX2Jsb2NrX2Rpdi5jbGFzc0xpc3QucmVtb3ZlICgnYWktcm90YXRlLTU1LTY5MTUzODY2Jyk7fTs8L3NjcmlwdD4KPC9kaXY+Cg==' data-block='55'><\/div>\n<script>\n  ai_run_544051383569 = function(){ai_insert_viewport_code ('ai-insert-55-94191345');};\n  if (document.readyState === 'complete' || (document.readyState !== 'loading' && !document.documentElement.doScroll)) ai_run_544051383569 (); else document.addEventListener ('DOMContentLoaded', ai_run_544051383569);\n<\/script>\n<h3 style=\"text-align: center;\">Il pittore dei mammut (2026)<\/h3>\n<p><img loading=\"lazy\" decoding=\"async\" class=\"size-medium wp-image-453200 alignleft\" src=\"https:\/\/www.fabrizioaltieri.it\/wordpress\/wp-content\/uploads\/2026\/05\/pittore-mammut-203x300.jpg\" alt=\"\" width=\"203\" height=\"300\" srcset=\"https:\/\/www.fabrizioaltieri.it\/wordpress\/wp-content\/uploads\/2026\/05\/pittore-mammut-203x300.jpg 203w, https:\/\/www.fabrizioaltieri.it\/wordpress\/wp-content\/uploads\/2026\/05\/pittore-mammut-692x1024.jpg 692w, https:\/\/www.fabrizioaltieri.it\/wordpress\/wp-content\/uploads\/2026\/05\/pittore-mammut-196x290.jpg 196w, https:\/\/www.fabrizioaltieri.it\/wordpress\/wp-content\/uploads\/2026\/05\/pittore-mammut-768x1136.jpg 768w, https:\/\/www.fabrizioaltieri.it\/wordpress\/wp-content\/uploads\/2026\/05\/pittore-mammut.jpg 1000w\" sizes=\"auto, (max-width: 203px) 100vw, 203px\" \/>Il\u00a0 mio nuovo libro con Il <a href=\"https:\/\/www.fabrizioaltieri.it\/wordpress\/tutti-i-miei-libri-per-ragazzi\/battello-a-vapore\/\">Battello a Vapore<\/a> nella <a href=\"https:\/\/www.fabrizioaltieri.it\/wordpress\/tutti-i-miei-libri-per-ragazzi\/battello-a-vapore\/serie-azzurra\/\">Serie Azzurra<\/a> per lettori dai 7 anni in su. Il <a href=\"https:\/\/www.fabrizioaltieri.it\/wordpress\/testo-narrativo-scuola-primaria\/\">testo<\/a> \u00e8 in <a href=\"https:\/\/www.fabrizioaltieri.it\/wordpress\/bisogni-educativi-speciali\/libri-ad-alta-leggibilita\/\">Alta Leggibilit\u00e0<\/a>. Ecco la trama: Cor\u00e0k \u00e8 un ragazzino della Preistoria che ama dipingere sulle rocce e nelle grotte. I suoi amici lo prendono in giro: come pu\u00f2 preferire i colori alla caccia? Ma quando il suo villaggio e quello vicino, dei nemici, saranno messi in pericolo dall&#8217;arrivo di una mandria di mammut, l&#8217;arte di Cor\u00e0k sar\u00e0 l&#8217;unica arma in grado di salvare i due popoli&#8230;<\/p>\n<p>Et\u00e0 di lettura dai 7 anni.<\/p>\n<p style=\"text-align: center;\"><strong><a href=\"https:\/\/amzn.to\/3Q6rdAP\"><img loading=\"lazy\" decoding=\"async\" class=\"aligncenter wp-image-7551\" src=\"https:\/\/www.fabrizioaltieri.it\/wordpress\/wp-content\/uploads\/2016\/11\/amazon.ico\" sizes=\"auto, (max-width: 48px) 100vw, 48px\" srcset=\"https:\/\/www.fabrizioaltieri.it\/wordpress\/wp-content\/uploads\/2016\/11\/amazon.ico 16w, https:\/\/www.fabrizioaltieri.it\/wordpress\/wp-content\/uploads\/2016\/11\/amazon-36x36.ico 36w, https:\/\/www.fabrizioaltieri.it\/wordpress\/wp-content\/uploads\/2016\/11\/amazon-24x24.ico 24w, https:\/\/www.fabrizioaltieri.it\/wordpress\/wp-content\/uploads\/2016\/11\/amazon-48x48.ico 48w, https:\/\/www.fabrizioaltieri.it\/wordpress\/wp-content\/uploads\/2016\/11\/amazon-150x150.ico 150w\" alt=\"\" width=\"48\" height=\"48\" \/><\/a>Compralo su Amazon <a href=\"https:\/\/amzn.to\/4elSSLc\">clicca qui<\/a><\/strong><\/p>\n<p>&nbsp;<\/p>\n<p style=\"text-align: center;\">Di seguito ecco gli altri miei <a href=\"https:\/\/www.fabrizioaltieri.it\/wordpress\/tutti-i-miei-libri-per-ragazzi\/\">libri<\/a> nella <a href=\"https:\/\/www.fabrizioaltieri.it\/wordpress\/tutti-i-miei-libri-per-ragazzi\/battello-a-vapore\/serie-arancio\/\">Serie Arancio<\/a> de <a href=\"https:\/\/www.fabrizioaltieri.it\/wordpress\/tutti-i-miei-libri-per-ragazzi\/battello-a-vapore\/\"><strong>Il Battello a Vapore<\/strong><\/a>.<\/p>\n<h3 style=\"text-align: center;\"><strong><a class=\"google-anno\" href=\"https:\/\/www.fabrizioaltieri.it\/wordpress\/tutti-i-miei-libri-per-ragazzi\/battello-a-vapore\/serie-arancio\/laika-delle-stelle\/#\">\u00a0<span class=\"google-anno-t\">Laika delle stelle<\/span><\/a><\/strong><\/h3>\n<p><a style=\"border: 0px; margin: 0px; padding: 0px; background-color: transparent; transition: color 0.1s ease-in-out 0s, background-color 0.1s ease-in-out 0s; text-decoration: none; color: #008000;\" title=\"&lt;img decoding=&quot;async&quot; class=&quot;alignleft wp-image-16840 lazyload&quot; data-src=&quot;https:\/\/www.fabrizioaltieri.it\/wordpress\/wp-content\/uploads\/2019\/03\/laika-delle-stelle.jpg&quot; alt=&quot;Laika delle stelle&quot; width=&quot;59&quot; height=&quot;88&quot; data-srcset=&quot;https:\/\/www.fabrizioaltieri.it\/wordpress\/wp-content\/uploads\/2019\/03\/laika-delle-stelle.jpg 300w, https:\/\/www.fabrizioaltieri.it\/wordpress\/wp-content\/uploads\/2019\/03\/laika-delle-stelle-203x300.jpg 203w, https:\/\/www.fabrizioaltieri.it\/wordpress\/wp-content\/uploads\/2019\/03\/laika-delle-stelle-196x290.jpg 196w, https:\/\/www.fabrizioaltieri.it\/wordpress\/wp-content\/uploads\/2019\/03\/laika-delle-stelle-16x24.jpg 16w, https:\/\/www.fabrizioaltieri.it\/wordpress\/wp-content\/uploads\/2019\/03\/laika-delle-stelle-24x36.jpg 24w, https:\/\/www.fabrizioaltieri.it\/wordpress\/wp-content\/uploads\/2019\/03\/laika-delle-stelle-32x48.jpg 32w&quot; data-sizes=&quot;(max-width: 59px) 100vw, 59px&quot; src=&quot;data:image\/gif;base64,R0lGODlhAQABAAAAACH5BAEKAAEALAAAAAABAAEAAAICTAEAOw==&quot; style=&quot;--smush-placeholder-width: 59px; --smush-placeholder-aspect-ratio: 59\/88;&quot; \/&gt;&lt;noscript&gt;&lt;img decoding=&quot;async&quot; class=&quot;alignleft wp-image-16840&quot; src=&quot;https:\/\/www.fabrizioaltieri.it\/wordpress\/wp-content\/uploads\/2019\/03\/laika-delle-stelle.jpg&quot; alt=&quot;Laika delle stelle&quot; width=&quot;59&quot; height=&quot;88&quot; srcset=&quot;https:\/\/www.fabrizioaltieri.it\/wordpress\/wp-content\/uploads\/2019\/03\/laika-delle-stelle.jpg 300w, https:\/\/www.fabrizioaltieri.it\/wordpress\/wp-content\/uploads\/2019\/03\/laika-delle-stelle-203x300.jpg 203w, https:\/\/www.fabrizioaltieri.it\/wordpress\/wp-content\/uploads\/2019\/03\/laika-delle-stelle-196x290.jpg 196w, https:\/\/www.fabrizioaltieri.it\/wordpress\/wp-content\/uploads\/2019\/03\/laika-delle-stelle-16x24.jpg 16w, https:\/\/www.fabrizioaltieri.it\/wordpress\/wp-content\/uploads\/2019\/03\/laika-delle-stelle-24x36.jpg 24w, https:\/\/www.fabrizioaltieri.it\/wordpress\/wp-content\/uploads\/2019\/03\/laika-delle-stelle-32x48.jpg 32w&quot; sizes=&quot;(max-width: 59px) 100vw, 59px&quot; \/&gt;&lt;\/noscript&gt;\" href=\"https:\/\/www.fabrizioaltieri.it\/wordpress\/tutti-i-miei-libri-per-ragazzi\/battello-a-vapore\/serie-arancio\/laika-delle-stelle\/\" target=\"_self\" rel=\"noopener noreferrer\" data-wpel-link=\"internal\"><img loading=\"lazy\" decoding=\"async\" class=\"alignleft wp-image-16840 ls-is-cached lazyloaded smush-detected-img smush-image-1\" src=\"https:\/\/www.fabrizioaltieri.it\/wordpress\/wp-content\/uploads\/2019\/03\/laika-delle-stelle.jpg\" sizes=\"auto, (max-width: 59px) 100vw, 59px\" srcset=\"https:\/\/www.fabrizioaltieri.it\/wordpress\/wp-content\/uploads\/2019\/03\/laika-delle-stelle.jpg 300w, https:\/\/www.fabrizioaltieri.it\/wordpress\/wp-content\/uploads\/2019\/03\/laika-delle-stelle-203x300.jpg 203w, https:\/\/www.fabrizioaltieri.it\/wordpress\/wp-content\/uploads\/2019\/03\/laika-delle-stelle-196x290.jpg 196w, https:\/\/www.fabrizioaltieri.it\/wordpress\/wp-content\/uploads\/2019\/03\/laika-delle-stelle-16x24.jpg 16w, https:\/\/www.fabrizioaltieri.it\/wordpress\/wp-content\/uploads\/2019\/03\/laika-delle-stelle-24x36.jpg 24w, https:\/\/www.fabrizioaltieri.it\/wordpress\/wp-content\/uploads\/2019\/03\/laika-delle-stelle-32x48.jpg 32w\" alt=\"Laika delle stelle\" width=\"170\" height=\"252\" data-src=\"https:\/\/www.fabrizioaltieri.it\/wordpress\/wp-content\/uploads\/2019\/03\/laika-delle-stelle.jpg\" data-srcset=\"https:\/\/www.fabrizioaltieri.it\/wordpress\/wp-content\/uploads\/2019\/03\/laika-delle-stelle.jpg 300w, https:\/\/www.fabrizioaltieri.it\/wordpress\/wp-content\/uploads\/2019\/03\/laika-delle-stelle-203x300.jpg 203w, https:\/\/www.fabrizioaltieri.it\/wordpress\/wp-content\/uploads\/2019\/03\/laika-delle-stelle-196x290.jpg 196w, https:\/\/www.fabrizioaltieri.it\/wordpress\/wp-content\/uploads\/2019\/03\/laika-delle-stelle-16x24.jpg 16w, https:\/\/www.fabrizioaltieri.it\/wordpress\/wp-content\/uploads\/2019\/03\/laika-delle-stelle-24x36.jpg 24w, https:\/\/www.fabrizioaltieri.it\/wordpress\/wp-content\/uploads\/2019\/03\/laika-delle-stelle-32x48.jpg 32w\" data-sizes=\"(max-width: 59px) 100vw, 59px\" \/><\/a>Yuri ha un <a href=\"https:\/\/www.fabrizioaltieri.it\/wordpress\/tutti-i-miei-libri-per-ragazzi\/battello-a-vapore\/serie-arancio\/mio-nonno-e-un-domatore-di-leoni\/\">nonno<\/a> pazzesco, che racconta storie favolose di astronavi e missioni lunari. Da giovane lavorava all\u2019agenzia spaziale russa, e per Yuri \u00e8 un vero eroe! Ma un giorno scopre che forse nonno Fedor c\u2019entra qualcosa con la triste vicenda della cagnolina Laika, mandata a morire nello spazio. E deve scoprire una volta per tutte la verit\u00e0 su suo nonno e sul suo passato misterioso.\u00a0<b><a class=\"google-anno\" href=\"https:\/\/www.fabrizioaltieri.it\/wordpress\/tutti-i-miei-libri-per-ragazzi\/battello-a-vapore\/serie-arancio\/laika-delle-stelle\/#\">\u00a0<span class=\"google-anno-t\">Laika delle stelle<\/span><\/a><\/b>,\u00a0 2019, et\u00e0 di lettura: dagli 8 ai 10 anni.<\/p>\n<p>Il libro \u00e8 stampato e impaginato con criteri di\u00a0<strong><a title=\"alta leggibilit\u00e0\" href=\"https:\/\/www.fabrizioaltieri.it\/wordpress\/bisogni-educativi-speciali\/libri-ad-alta-leggibilita\/\" target=\"_self\" rel=\"noopener noreferrer\" data-wpel-link=\"internal\">alta leggibilit\u00e0<\/a><\/strong>\u00a0per venire incontro anche alle esigenze dei ragazzi\u00a0<a title=\"dislessici\" href=\"https:\/\/www.fabrizioaltieri.it\/wordpress\/tutti-i-miei-libri-per-ragazzi\/battello-a-vapore\/serie-azzurra\/geranio-il-cane-caduto-dal-cielo\/schede-didattiche-per-bambini-dislessici\/\" target=\"_self\" rel=\"noopener noreferrer\" data-wpel-link=\"internal\">dislessici<\/a>\u00a0o con\u00a0<a title=\"difficolt\u00e0\" href=\"https:\/\/www.fabrizioaltieri.it\/wordpress\/tutti-i-miei-libri-per-ragazzi\/battello-a-vapore\/serie-azzurra\/geranio-il-cane-caduto-dal-cielo\/schede-didattiche-per-bambini-dislessici\/\" target=\"_self\" rel=\"noopener noreferrer\" data-wpel-link=\"internal\">difficolt\u00e0<\/a>\u00a0di lettura.<\/p>\n<p><strong>\u00a0<span class=\"google-anno-t\"><a href=\"https:\/\/www.fabrizioaltieri.it\/wordpress\/tutti-i-miei-libri-per-ragazzi\/battello-a-vapore\/serie-arancio\/laika-delle-stelle\/\">Laika delle stelle<\/a><\/span>, Il\u00a0<a title=\"Battello a Vapore\" href=\"https:\/\/www.fabrizioaltieri.it\/wordpress\/tutti-i-miei-libri-per-ragazzi\/battello-a-vapore\/\" target=\"_self\" rel=\"noopener noreferrer\" data-wpel-link=\"internal\">Battello a Vapore<\/a>, 2019.<\/strong><\/p>\n<h3 style=\"text-align: center;\"><a class=\"snppopup snppopup snppopup\" href=\"https:\/\/amzn.to\/3RF96lu\" target=\"_blank\" rel=\"external noopener noreferrer nofollow\" data-wpel-link=\"external\"><img loading=\"lazy\" decoding=\"async\" class=\"aligncenter wp-image-7551\" src=\"https:\/\/www.fabrizioaltieri.it\/wordpress\/wp-content\/uploads\/2016\/11\/amazon.ico\" sizes=\"auto, (max-width: 48px) 100vw, 48px\" srcset=\"https:\/\/www.fabrizioaltieri.it\/wordpress\/wp-content\/uploads\/2016\/11\/amazon.ico 16w, https:\/\/www.fabrizioaltieri.it\/wordpress\/wp-content\/uploads\/2016\/11\/amazon-36x36.ico 36w, https:\/\/www.fabrizioaltieri.it\/wordpress\/wp-content\/uploads\/2016\/11\/amazon-24x24.ico 24w, https:\/\/www.fabrizioaltieri.it\/wordpress\/wp-content\/uploads\/2016\/11\/amazon-48x48.ico 48w, https:\/\/www.fabrizioaltieri.it\/wordpress\/wp-content\/uploads\/2016\/11\/amazon-150x150.ico 150w\" alt=\"\" width=\"48\" height=\"48\" \/><\/a><strong>Compralo in sconto su Amazon\u00a0<a class=\"snppopup snppopup snppopup\" href=\"https:\/\/amzn.to\/2HB59gf\" target=\"_blank\" rel=\"external noopener noreferrer nofollow\" data-wpel-link=\"external\">clicca qui<\/a><\/strong><\/h3>\n<p>&nbsp;<\/p>\n<h3 style=\"text-align: center;\"><a href=\"https:\/\/www.fabrizioaltieri.it\/wordpress\/tutti-i-miei-libri-per-ragazzi\/battello-a-vapore\/serie-arancio\/un-nuovo-strano-caso-alla-libreria-dupont\/\"><strong>Un nuovo strano caso alla libreria Dupont<\/strong><\/a><\/h3>\n<p><a href=\"https:\/\/www.fabrizioaltieri.it\/wordpress\/wp-content\/uploads\/2022\/02\/Un-nuovo-caso-strano-alla-libreria-Dupont.jpg\"><img loading=\"lazy\" decoding=\"async\" class=\" wp-image-340307 alignleft\" src=\"https:\/\/www.fabrizioaltieri.it\/wordpress\/wp-content\/uploads\/2022\/02\/Un-nuovo-caso-strano-alla-libreria-Dupont.jpg\" alt=\"\" width=\"171\" height=\"254\" srcset=\"https:\/\/www.fabrizioaltieri.it\/wordpress\/wp-content\/uploads\/2022\/02\/Un-nuovo-caso-strano-alla-libreria-Dupont.jpg 1381w, https:\/\/www.fabrizioaltieri.it\/wordpress\/wp-content\/uploads\/2022\/02\/Un-nuovo-caso-strano-alla-libreria-Dupont-202x300.jpg 202w, https:\/\/www.fabrizioaltieri.it\/wordpress\/wp-content\/uploads\/2022\/02\/Un-nuovo-caso-strano-alla-libreria-Dupont-691x1024.jpg 691w, https:\/\/www.fabrizioaltieri.it\/wordpress\/wp-content\/uploads\/2022\/02\/Un-nuovo-caso-strano-alla-libreria-Dupont-196x290.jpg 196w, https:\/\/www.fabrizioaltieri.it\/wordpress\/wp-content\/uploads\/2022\/02\/Un-nuovo-caso-strano-alla-libreria-Dupont-768x1139.jpg 768w, https:\/\/www.fabrizioaltieri.it\/wordpress\/wp-content\/uploads\/2022\/02\/Un-nuovo-caso-strano-alla-libreria-Dupont-1036x1536.jpg 1036w, https:\/\/www.fabrizioaltieri.it\/wordpress\/wp-content\/uploads\/2022\/02\/Un-nuovo-caso-strano-alla-libreria-Dupont-16x24.jpg 16w, https:\/\/www.fabrizioaltieri.it\/wordpress\/wp-content\/uploads\/2022\/02\/Un-nuovo-caso-strano-alla-libreria-Dupont-24x36.jpg 24w, https:\/\/www.fabrizioaltieri.it\/wordpress\/wp-content\/uploads\/2022\/02\/Un-nuovo-caso-strano-alla-libreria-Dupont-32x48.jpg 32w, https:\/\/www.fabrizioaltieri.it\/wordpress\/wp-content\/uploads\/2022\/02\/Un-nuovo-caso-strano-alla-libreria-Dupont-scaled-e1644080107645-151x224.jpg 151w\" sizes=\"auto, (max-width: 171px) 100vw, 171px\" \/><\/a>Ecco l&#8217;atteso secondo libro sui fatti misteriosi che accadono alla libreria Dupont. Max Desir\u00e9e Madame Marchand e tutti i personaggi de <a href=\"https:\/\/www.fabrizioaltieri.it\/wordpress\/tutti-i-miei-libri-per-ragazzi\/battello-a-vapore\/serie-arancio\/lo-strano-caso-della-libreria-dupont\/\">Lo strano caso della libreria Dupont<\/a> tornano insieme a nuovi amici (e nemici&#8230;) per vivere una nuova avventura nella Parigi degli anni &#8217;20.<\/p>\n<p>Che disastro! Nella libreria Dupont \u00e8 scoppiato un incendio, e non solo&#8230; il collegio Et\u00ec \u00e8 infestato dai topi, i ragazzini che ci abitavano non hanno pi\u00f9 un tetto e Victor Dupont \u00e8 scomparso nel nulla! Max e D\u00e9sir\u00e9e non credono alle coincidenze e sono pronti a tutto, anche a infilarsi negli intricati cunicoli della Parigi sotterranea, pur di risolvere questo ingarbugliato mistero&#8230; Et\u00e0 di lettura: da 9 anni. <a href=\"https:\/\/www.amazon.it\/nuovo-strano-caso-libreria-Dupont-ebook\/dp\/B09VH84S2X\/ref=tmm_kin_swatch_0?_encoding=UTF8&amp;qid=&amp;sr=&amp;asin=B09VH84S2X&amp;revisionId=7989cf99&amp;format=1&amp;depth=1\"><strong>Leggi un estratto clicca qui<\/strong><\/a>.<\/p>\n<h3 style=\"text-align: center;\"><a class=\"snppopup\" href=\"https:\/\/amzn.to\/3RF96lu\" target=\"_blank\" rel=\"nofollow external noopener noreferrer\" data-wpel-link=\"external\"><img loading=\"lazy\" decoding=\"async\" class=\"aligncenter wp-image-7551\" src=\"https:\/\/www.fabrizioaltieri.it\/wordpress\/wp-content\/uploads\/2016\/11\/amazon.ico\" sizes=\"auto, (max-width: 48px) 100vw, 48px\" srcset=\"https:\/\/www.fabrizioaltieri.it\/wordpress\/wp-content\/uploads\/2016\/11\/amazon.ico 16w, https:\/\/www.fabrizioaltieri.it\/wordpress\/wp-content\/uploads\/2016\/11\/amazon-36x36.ico 36w, https:\/\/www.fabrizioaltieri.it\/wordpress\/wp-content\/uploads\/2016\/11\/amazon-24x24.ico 24w, https:\/\/www.fabrizioaltieri.it\/wordpress\/wp-content\/uploads\/2016\/11\/amazon-48x48.ico 48w, https:\/\/www.fabrizioaltieri.it\/wordpress\/wp-content\/uploads\/2016\/11\/amazon-150x150.ico 150w\" alt=\"\" width=\"48\" height=\"48\" \/><\/a><strong>Compralo in sconto su Amazon\u00a0<a class=\"snppopup\" href=\"https:\/\/amzn.to\/3RF96lu\" target=\"_blank\" rel=\"nofollow external noopener noreferrer\" data-wpel-link=\"external\">clicca qui<\/a><\/strong><\/h3>\n<p><strong>Se non conoscevi la <a href=\"https:\/\/www.fabrizioaltieri.it\/wordpress\/risorse-didattiche-scuola-primaria\/storia\/\">storia<\/a> del primo libro della libreria Dupont e vuoi saperne di pi\u00f9 leggi sotto.<\/strong><\/p>\n<h3 style=\"text-align: center;\"><a href=\"https:\/\/www.fabrizioaltieri.it\/wordpress\/tutti-i-miei-libri-per-ragazzi\/battello-a-vapore\/serie-arancio\/lo-strano-caso-della-libreria-dupont\/\"><strong>Lo strano caso della libreria Dupont<\/strong><\/a><\/h3>\n<p><a href=\"https:\/\/www.fabrizioaltieri.it\/wordpress\/wp-content\/uploads\/2022\/02\/dupont-alta-def.jpg\"><img loading=\"lazy\" decoding=\"async\" class=\" wp-image-340305 alignleft\" src=\"https:\/\/www.fabrizioaltieri.it\/wordpress\/wp-content\/uploads\/2022\/02\/dupont-alta-def.jpg\" alt=\"\" width=\"170\" height=\"251\" srcset=\"https:\/\/www.fabrizioaltieri.it\/wordpress\/wp-content\/uploads\/2022\/02\/dupont-alta-def.jpg 234w, https:\/\/www.fabrizioaltieri.it\/wordpress\/wp-content\/uploads\/2022\/02\/dupont-alta-def-203x300.jpg 203w, https:\/\/www.fabrizioaltieri.it\/wordpress\/wp-content\/uploads\/2022\/02\/dupont-alta-def-196x290.jpg 196w, https:\/\/www.fabrizioaltieri.it\/wordpress\/wp-content\/uploads\/2022\/02\/dupont-alta-def-16x24.jpg 16w, https:\/\/www.fabrizioaltieri.it\/wordpress\/wp-content\/uploads\/2022\/02\/dupont-alta-def-24x36.jpg 24w, https:\/\/www.fabrizioaltieri.it\/wordpress\/wp-content\/uploads\/2022\/02\/dupont-alta-def-32x48.jpg 32w, https:\/\/www.fabrizioaltieri.it\/wordpress\/wp-content\/uploads\/2022\/02\/dupont-alta-def-234x346.jpg 600w, https:\/\/www.fabrizioaltieri.it\/wordpress\/wp-content\/uploads\/2022\/02\/dupont-alta-def-234x346-234x346.jpg 1373w\" sizes=\"auto, (max-width: 170px) 100vw, 170px\" \/><\/a>Parigi, primi del &#8216;900. Max \u00e8 un ladruncolo di strada, Desir\u00e9 la figlia di una profumiera. \u00a0Le loro strade si incroceranno con quelle di altri bizzarri personaggi: un aspirante scrittore, un&#8217;anziana signora che mastica tabacco, un poliziotto fin troppo solerte. Ma la cosa pi\u00f9 strana \u00e8 che tutte le strade sembrano condurre a una vecchia libreria in cui si dice abiti un fantasma&#8230;<\/p>\n<p>Per scrivere questo libro ho colto l&#8217;ispirazione dal film Hugo Cabret. Quando uscii dal cinema mi dissi che le atmosfere e l&#8217;ambientazione del film erano talmente belle che dovevo scrivere un <a href=\"https:\/\/www.fabrizioaltieri.it\/wordpress\/tutti-i-miei-libri-per-ragazzi\/\">romanzo<\/a> ambientato a Parigi nello stesso periodo. Per lavorare sul testo in classe con i tuoi studenti puoi scaricare le <a href=\"https:\/\/www.fabrizioaltieri.it\/wordpress\/schede-didattiche-scuola-primaria\/\">schede didattiche<\/a> dal link sotto.<\/p>\n<h3 style=\"text-align: center;\"><a class=\"snppopup\" href=\"https:\/\/amzn.to\/48jBUHF\" target=\"_blank\" rel=\"nofollow external noopener noreferrer\" data-wpel-link=\"external\"><img loading=\"lazy\" decoding=\"async\" class=\"aligncenter wp-image-7551\" src=\"https:\/\/www.fabrizioaltieri.it\/wordpress\/wp-content\/uploads\/2016\/11\/amazon.ico\" sizes=\"auto, (max-width: 48px) 100vw, 48px\" srcset=\"https:\/\/www.fabrizioaltieri.it\/wordpress\/wp-content\/uploads\/2016\/11\/amazon.ico 16w, https:\/\/www.fabrizioaltieri.it\/wordpress\/wp-content\/uploads\/2016\/11\/amazon-36x36.ico 36w, https:\/\/www.fabrizioaltieri.it\/wordpress\/wp-content\/uploads\/2016\/11\/amazon-24x24.ico 24w, https:\/\/www.fabrizioaltieri.it\/wordpress\/wp-content\/uploads\/2016\/11\/amazon-48x48.ico 48w, https:\/\/www.fabrizioaltieri.it\/wordpress\/wp-content\/uploads\/2016\/11\/amazon-150x150.ico 150w\" alt=\"\" width=\"48\" height=\"48\" \/><\/a><strong>Compralo in sconto su Amazon\u00a0<a class=\"snppopup\" href=\"https:\/\/amzn.to\/48jBUHF\" target=\"_blank\" rel=\"nofollow external noopener noreferrer\" data-wpel-link=\"external\">clicca qui<\/a><\/strong><\/h3>\n<p style=\"text-align: center;\"><img loading=\"lazy\" decoding=\"async\" class=\"alignnone wp-image-4821\" src=\"https:\/\/www.fabrizioaltieri.it\/wordpress\/wp-content\/uploads\/2015\/08\/pdficon.png\" alt=\"\" width=\"49\" height=\"49\" \/><strong><a href=\"https:\/\/www.fabrizioaltieri.it\/wordpress\/download\/10336\/\">Schede per la comprensione del testo con esercizi e domande clicca qui<\/a><\/strong><\/p>\n<p><a href=\"https:\/\/www.fabrizioaltieri.it\/wordpress\/tutti-i-miei-libri-per-ragazzi\/battello-a-vapore\/serie-arancio\/lo-strano-caso-della-libreria-dupont\/\">Lo strano caso della libreria Dupont<\/a> <a href=\"https:\/\/www.fabrizioaltieri.it\/wordpress\/schede-didattiche-scuola-primaria\/\">pdf<\/a>. Le <a href=\"https:\/\/www.fabrizioaltieri.it\/wordpress\/schede-didattiche-scuola-primaria\/\">schede<\/a> di <a href=\"https:\/\/www.fabrizioaltieri.it\/wordpress\/tutti-i-miei-libri-per-ragazzi\/battello-a-vapore\/serie-azzurra\/comprensione-del-testo-scuola-primaria\/\">comprensione del testo<\/a> sono un prezioso strumento per lavorare in classe con i tuoi alunni. Stampale e buon lavoro!<strong>Lo strano caso della libreria Dupont, u<\/strong><strong>n libro per parlare di: magia dei libri, riscatto personale, umorismo. Dai 9 anni in su. \u00a0<\/strong><strong>Serie Arancio del <a href=\"https:\/\/www.fabrizioaltieri.it\/wordpress\/tutti-i-miei-libri\/battello-a-vapore\/\">Battello a Vapore<\/a>, 240 pagine.<\/strong> C<strong>ompralo scontato su Amazon <a href=\"https:\/\/amzn.to\/2YH3DPx\">cliccando qui<\/a>.<\/strong><\/p>\n<h5 style=\"text-align: center;\"><span style=\"color: #ff0000;\">Vai alla pagina con tutte le schede didattiche:<\/span> <a href=\"https:\/\/www.fabrizioaltieri.it\/wordpress\/didattica-scuola-primaria\/\" target=\"_blank\" rel=\"noopener noreferrer\">CLICCA QUI<\/a><\/h5>\n<p>Oltre a Lo strano caso della libreria Dupont, di seguito potrai trovare altri <a href=\"https:\/\/www.fabrizioaltieri.it\/wordpress\/tutti-i-miei-libri-per-ragazzi\/\">miei libri<\/a> che possono risultare interessanti <a href=\"https:\/\/www.fabrizioaltieri.it\/wordpress\/tutti-i-miei-libri-per-ragazzi\/\">per ragazzi<\/a> dai 10 anni in su.<\/p>\n<h3 style=\"text-align: center;\"><a href=\"https:\/\/www.fabrizioaltieri.it\/wordpress\/blake-folgoldo-linvestigatore-che-non-esisteva\/\"><strong>Blake Folgoldo l&#8217;investigatore che non esisteva<\/strong><\/a><\/h3>\n<p style=\"text-align: left;\"><img loading=\"lazy\" decoding=\"async\" class=\"alignleft\" src=\"https:\/\/images-na.ssl-images-amazon.com\/images\/I\/51vyWhUGxjL._SX325_BO1,204,203,200_.jpg\" alt=\"Blake Folgoldo l'investigatore che non esisteva romanzo giallo per ragazzi libri gialli per ragazzi\" width=\"179\" height=\"273\" \/>Libri <a href=\"https:\/\/www.fabrizioaltieri.it\/wordpress\/tutti-i-miei-libri-per-ragazzi\/libri-gialli-per-ragazzi\/\">gialli<\/a> per ragazzi. Sono orgoglioso di presentarvi il mio nuovo romanzo <a href=\"https:\/\/www.fabrizioaltieri.it\/wordpress\/tutti-i-miei-libri-per-ragazzi\/libri-gialli-per-ragazzi\/\">giallo<\/a> per ragazzi (ma non solo) con <a href=\"https:\/\/www.fabrizioaltieri.it\/wordpress\/tutti-i-miei-libri-per-ragazzi\/battello-a-vapore\/\">Il Battello a Vapore<\/a> nella serie <a href=\"https:\/\/amzn.to\/2AzJ6o6\">Giallo e nero<\/a>. Spero che potr\u00e0 interessare voi e i vostri ragazzi, sia che siate insegnanti che genitori (o tutt&#8217;e due le cose, un po&#8217; come fare il bagno in mare mentre piove). E&#8217; ambientato nella mia Toscana, a Lucca, e si intrecciano le storie di Nadia, sigaraia alla Manifattura Tabacchi e il misterioso <a href=\"https:\/\/www.fabrizioaltieri.it\/wordpress\/blake-folgoldo-linvestigatore-che-non-esisteva\/\">Blake Folgoldo<\/a>, detective italoargentino. C&#8217;entrer\u00e0 qualcosa anche il figlio di Nadia, Claudio? Et\u00e0 di lettura dai 10 anni ai 130. Buon divertimento (e qualche brividino).<\/p>\n<p>Fabrizio Altieri<\/p>\n<p>Trama: Lucca, 1903. Manlio Molesti, caporeparto della Manifattura Tabacchi, \u00e8 stato ucciso. Dell&#8217;omicidio viene ingiustamente accusata la sigaraia Nadia, madre della piccola Olga e di Claudio che, per distrarre la sorellina, passa il tempo a inventare storie: \u00e8 dalla fantasia del ragazzo che nasce Blake Folgoldo, investigatore italoargentino armato di fucile e chitarra che gira solo a cavallo. Per uno strano scherzo del destino, proprio lui, l&#8217;investigatore che non esiste, dovr\u00e0 salvare Nadia e stanare l&#8217;introvabile colpevole&#8230; Et\u00e0 di lettura: dai 10 anni.<\/p>\n<p><strong>Grazie alla prof.ssa A. De Rosa sono disponibili le schede didattiche sul libro per la <a href=\"https:\/\/www.fabrizioaltieri.it\/wordpress\/tutti-i-miei-libri-per-ragazzi\/battello-a-vapore\/serie-azzurra\/comprensione-del-testo-scuola-primaria\/\">comprensione<\/a> del testo con relativi correttori. Scaricatele cliccando i link sotto.<\/strong><\/p>\n<ul>\n<li><strong><a href=\"https:\/\/www.fabrizioaltieri.it\/wordpress\/wp-content\/uploads\/2020\/09\/Schede-Blake-Folgoldo.pdf\">Schede Blake Folgoldo<\/a><\/strong><\/li>\n<li><strong><a href=\"https:\/\/www.fabrizioaltieri.it\/wordpress\/wp-content\/uploads\/2020\/09\/Correttore-schede-Blake-Folgoldo.pdf\">Schede correttore Blake Folgoldo<\/a><\/strong><\/li>\n<\/ul>\n<h3 style=\"text-align: center;\"><a class=\"snppopup\" href=\"https:\/\/amzn.to\/41PF9DW\" target=\"_blank\" rel=\"nofollow external noopener noreferrer\" data-wpel-link=\"external\"><img loading=\"lazy\" decoding=\"async\" class=\"aligncenter wp-image-7551\" src=\"https:\/\/www.fabrizioaltieri.it\/wordpress\/wp-content\/uploads\/2016\/11\/amazon.ico\" sizes=\"auto, (max-width: 48px) 100vw, 48px\" srcset=\"https:\/\/www.fabrizioaltieri.it\/wordpress\/wp-content\/uploads\/2016\/11\/amazon.ico 16w, https:\/\/www.fabrizioaltieri.it\/wordpress\/wp-content\/uploads\/2016\/11\/amazon-36x36.ico 36w, https:\/\/www.fabrizioaltieri.it\/wordpress\/wp-content\/uploads\/2016\/11\/amazon-24x24.ico 24w, https:\/\/www.fabrizioaltieri.it\/wordpress\/wp-content\/uploads\/2016\/11\/amazon-48x48.ico 48w, https:\/\/www.fabrizioaltieri.it\/wordpress\/wp-content\/uploads\/2016\/11\/amazon-150x150.ico 150w\" alt=\"\" width=\"48\" height=\"48\" \/><\/a><strong>Compralo in sconto su Amazon\u00a0<a class=\"snppopup\" href=\"https:\/\/amzn.to\/41PF9DW\" target=\"_blank\" rel=\"nofollow external noopener noreferrer\" data-wpel-link=\"external\">clicca qui<\/a><\/strong><\/h3>\n<p style=\"text-align: center;\"><strong><a href=\"https:\/\/www.fabrizioaltieri.it\/wordpress\/tutti-i-miei-libri-per-ragazzi\/\">Per vedere tutti i miei libri <span style=\"color: #ff0000;\">clicca qui<\/span><\/a><\/strong><\/p>\n<h3><strong><a href=\"https:\/\/www.fabrizioaltieri.it\/wordpress\/tutti-i-miei-libri-per-ragazzi\/battello-a-vapore\/serie-arancio\/mio-nonno-e-un-domatore-di-leoni\/\">Mio nonno \u00e8 un domatore di leoni<\/a> pdf <a href=\"https:\/\/www.fabrizioaltieri.it\/wordpress\/riassunti-libri-ragazzi\/\">riassunto<\/a><\/strong><\/h3>\n<p>Mio nonno \u00e8 un domatore di leoni<\/p>\n<script>if (typeof ai_install_close_buttons == \"function\") {ai_install_close_buttons (document);}<\/script><!-- CONTENT END 1 -->\n","protected":false},"excerpt":{"rendered":"<p>Il pittore dei mammut (2026) Il\u00a0 mio nuovo libro con Il Battello a Vapore nella Serie Azzurra per lettori dai 7 anni in su. Il testo \u00e8 in Alta Leggibilit\u00e0. Ecco la trama: Cor\u00e0k \u00e8 un ragazzino della Preistoria che ama dipingere sulle rocce e nelle grotte. I suoi amici lo prendono in giro: come [&hellip;]<\/p>\n","protected":false},"author":1,"featured_media":0,"parent":5037,"menu_order":0,"comment_status":"closed","ping_status":"open","template":"page-with-sidebar","meta":{"footnotes":""},"class_list":["post-453199","page","type-page","status-publish","hentry"],"yoast_head":"<!-- This site is optimized with the Yoast SEO plugin v27.5 - https:\/\/yoast.com\/product\/yoast-seo-wordpress\/ -->\n<title>Il pittore dei mammut - Romanzo di Fabrizio Altieri<\/title>\n<meta name=\"description\" content=\"Il pittore dei mammut romanzo in alta leggibilit\u00e0 di Fabrizio Altieri per bambini dai 7 anni. Scopri la trama e i personaggi.\" \/>\n<meta name=\"robots\" content=\"index, follow, max-snippet:-1, max-image-preview:large, max-video-preview:-1\" \/>\n<link rel=\"canonical\" href=\"https:\/\/www.fabrizioaltieri.it\/wordpress\/tutti-i-miei-libri-per-ragazzi\/battello-a-vapore\/serie-azzurra\/il-pittore-dei-mammut\/\" \/>\n<meta property=\"og:locale\" content=\"it_IT\" \/>\n<meta property=\"og:type\" content=\"article\" \/>\n<meta property=\"og:title\" content=\"Il pittore dei mammut - Romanzo di Fabrizio Altieri\" \/>\n<meta property=\"og:description\" content=\"Il pittore dei mammut romanzo in alta leggibilit\u00e0 di Fabrizio Altieri per bambini dai 7 anni. Scopri la trama e i personaggi.\" \/>\n<meta property=\"og:url\" content=\"https:\/\/www.fabrizioaltieri.it\/wordpress\/tutti-i-miei-libri-per-ragazzi\/battello-a-vapore\/serie-azzurra\/il-pittore-dei-mammut\/\" \/>\n<meta property=\"og:site_name\" content=\"Fabrizio Altieri\" \/>\n<meta property=\"article:publisher\" content=\"https:\/\/www.facebook.com\/fabrizio.altieri\" \/>\n<meta property=\"article:modified_time\" content=\"2026-05-01T07:38:06+00:00\" \/>\n<meta property=\"og:image\" content=\"https:\/\/www.fabrizioaltieri.it\/wordpress\/wp-content\/uploads\/2026\/05\/pittore-mammut.jpg\" \/>\n\t<meta property=\"og:image:width\" content=\"1000\" \/>\n\t<meta property=\"og:image:height\" content=\"1479\" \/>\n\t<meta property=\"og:image:type\" content=\"image\/jpeg\" \/>\n<meta name=\"twitter:card\" content=\"summary_large_image\" \/>\n<meta name=\"twitter:site\" content=\"@scrittorone\" \/>\n<meta name=\"twitter:label1\" content=\"Tempo di lettura stimato\" \/>\n\t<meta name=\"twitter:data1\" content=\"7 minuti\" \/>\n<script type=\"application\/ld+json\" class=\"yoast-schema-graph\">{\"@context\":\"https:\\\/\\\/schema.org\",\"@graph\":[{\"@type\":[\"Article\",\"BlogPosting\"],\"@id\":\"https:\\\/\\\/www.fabrizioaltieri.it\\\/wordpress\\\/tutti-i-miei-libri-per-ragazzi\\\/battello-a-vapore\\\/serie-azzurra\\\/il-pittore-dei-mammut\\\/#article\",\"isPartOf\":{\"@id\":\"https:\\\/\\\/www.fabrizioaltieri.it\\\/wordpress\\\/tutti-i-miei-libri-per-ragazzi\\\/battello-a-vapore\\\/serie-azzurra\\\/il-pittore-dei-mammut\\\/\"},\"author\":{\"name\":\"Fabrizio\",\"@id\":\"https:\\\/\\\/www.fabrizioaltieri.it\\\/wordpress\\\/#\\\/schema\\\/person\\\/b9b57fbf444bfcc1f1861e5b25d24b41\"},\"headline\":\"Il pittore dei mammut\",\"datePublished\":\"2026-05-01T07:10:41+00:00\",\"dateModified\":\"2026-05-01T07:38:06+00:00\",\"mainEntityOfPage\":{\"@id\":\"https:\\\/\\\/www.fabrizioaltieri.it\\\/wordpress\\\/tutti-i-miei-libri-per-ragazzi\\\/battello-a-vapore\\\/serie-azzurra\\\/il-pittore-dei-mammut\\\/\"},\"wordCount\":882,\"publisher\":{\"@id\":\"https:\\\/\\\/www.fabrizioaltieri.it\\\/wordpress\\\/#\\\/schema\\\/person\\\/b9b57fbf444bfcc1f1861e5b25d24b41\"},\"image\":{\"@id\":\"https:\\\/\\\/www.fabrizioaltieri.it\\\/wordpress\\\/tutti-i-miei-libri-per-ragazzi\\\/battello-a-vapore\\\/serie-azzurra\\\/il-pittore-dei-mammut\\\/#primaryimage\"},\"thumbnailUrl\":\"https:\\\/\\\/www.fabrizioaltieri.it\\\/wordpress\\\/wp-content\\\/uploads\\\/2026\\\/05\\\/pittore-mammut-203x300.jpg\",\"inLanguage\":\"it-IT\"},{\"@type\":\"WebPage\",\"@id\":\"https:\\\/\\\/www.fabrizioaltieri.it\\\/wordpress\\\/tutti-i-miei-libri-per-ragazzi\\\/battello-a-vapore\\\/serie-azzurra\\\/il-pittore-dei-mammut\\\/\",\"url\":\"https:\\\/\\\/www.fabrizioaltieri.it\\\/wordpress\\\/tutti-i-miei-libri-per-ragazzi\\\/battello-a-vapore\\\/serie-azzurra\\\/il-pittore-dei-mammut\\\/\",\"name\":\"Il pittore dei mammut - Romanzo di Fabrizio Altieri\",\"isPartOf\":{\"@id\":\"https:\\\/\\\/www.fabrizioaltieri.it\\\/wordpress\\\/#website\"},\"primaryImageOfPage\":{\"@id\":\"https:\\\/\\\/www.fabrizioaltieri.it\\\/wordpress\\\/tutti-i-miei-libri-per-ragazzi\\\/battello-a-vapore\\\/serie-azzurra\\\/il-pittore-dei-mammut\\\/#primaryimage\"},\"image\":{\"@id\":\"https:\\\/\\\/www.fabrizioaltieri.it\\\/wordpress\\\/tutti-i-miei-libri-per-ragazzi\\\/battello-a-vapore\\\/serie-azzurra\\\/il-pittore-dei-mammut\\\/#primaryimage\"},\"thumbnailUrl\":\"https:\\\/\\\/www.fabrizioaltieri.it\\\/wordpress\\\/wp-content\\\/uploads\\\/2026\\\/05\\\/pittore-mammut-203x300.jpg\",\"datePublished\":\"2026-05-01T07:10:41+00:00\",\"dateModified\":\"2026-05-01T07:38:06+00:00\",\"description\":\"Il pittore dei mammut romanzo in alta leggibilit\u00e0 di Fabrizio Altieri per bambini dai 7 anni. Scopri la trama e i personaggi.\",\"breadcrumb\":{\"@id\":\"https:\\\/\\\/www.fabrizioaltieri.it\\\/wordpress\\\/tutti-i-miei-libri-per-ragazzi\\\/battello-a-vapore\\\/serie-azzurra\\\/il-pittore-dei-mammut\\\/#breadcrumb\"},\"inLanguage\":\"it-IT\",\"potentialAction\":[{\"@type\":\"ReadAction\",\"target\":[\"https:\\\/\\\/www.fabrizioaltieri.it\\\/wordpress\\\/tutti-i-miei-libri-per-ragazzi\\\/battello-a-vapore\\\/serie-azzurra\\\/il-pittore-dei-mammut\\\/\"]}]},{\"@type\":\"ImageObject\",\"inLanguage\":\"it-IT\",\"@id\":\"https:\\\/\\\/www.fabrizioaltieri.it\\\/wordpress\\\/tutti-i-miei-libri-per-ragazzi\\\/battello-a-vapore\\\/serie-azzurra\\\/il-pittore-dei-mammut\\\/#primaryimage\",\"url\":\"https:\\\/\\\/www.fabrizioaltieri.it\\\/wordpress\\\/wp-content\\\/uploads\\\/2026\\\/05\\\/pittore-mammut.jpg\",\"contentUrl\":\"https:\\\/\\\/www.fabrizioaltieri.it\\\/wordpress\\\/wp-content\\\/uploads\\\/2026\\\/05\\\/pittore-mammut.jpg\",\"width\":1000,\"height\":1479},{\"@type\":\"BreadcrumbList\",\"@id\":\"https:\\\/\\\/www.fabrizioaltieri.it\\\/wordpress\\\/tutti-i-miei-libri-per-ragazzi\\\/battello-a-vapore\\\/serie-azzurra\\\/il-pittore-dei-mammut\\\/#breadcrumb\",\"itemListElement\":[{\"@type\":\"ListItem\",\"position\":1,\"name\":\"Home\",\"item\":\"https:\\\/\\\/www.fabrizioaltieri.it\\\/wordpress\\\/\"},{\"@type\":\"ListItem\",\"position\":2,\"name\":\"Battello a Vapore\",\"item\":\"https:\\\/\\\/www.fabrizioaltieri.it\\\/wordpress\\\/tag\\\/battello-a-vapore\\\/\"},{\"@type\":\"ListItem\",\"position\":3,\"name\":\"Tutti i miei libri\",\"item\":\"https:\\\/\\\/www.fabrizioaltieri.it\\\/wordpress\\\/tutti-i-miei-libri-per-ragazzi\\\/\"},{\"@type\":\"ListItem\",\"position\":4,\"name\":\"Il Battello a Vapore\",\"item\":\"https:\\\/\\\/www.fabrizioaltieri.it\\\/wordpress\\\/tutti-i-miei-libri-per-ragazzi\\\/battello-a-vapore\\\/\"},{\"@type\":\"ListItem\",\"position\":5,\"name\":\"Serie Azzurra\",\"item\":\"https:\\\/\\\/www.fabrizioaltieri.it\\\/wordpress\\\/tutti-i-miei-libri-per-ragazzi\\\/battello-a-vapore\\\/serie-azzurra\\\/\"},{\"@type\":\"ListItem\",\"position\":6,\"name\":\"Il pittore dei mammut\"}]},{\"@type\":\"WebSite\",\"@id\":\"https:\\\/\\\/www.fabrizioaltieri.it\\\/wordpress\\\/#website\",\"url\":\"https:\\\/\\\/www.fabrizioaltieri.it\\\/wordpress\\\/\",\"name\":\"Fabrizio Altieri\",\"description\":\"Scrittore e insegnante\",\"publisher\":{\"@id\":\"https:\\\/\\\/www.fabrizioaltieri.it\\\/wordpress\\\/#\\\/schema\\\/person\\\/b9b57fbf444bfcc1f1861e5b25d24b41\"},\"alternateName\":\"Schede didattiche e libri per ragazzi\",\"potentialAction\":[{\"@type\":\"SearchAction\",\"target\":{\"@type\":\"EntryPoint\",\"urlTemplate\":\"https:\\\/\\\/www.fabrizioaltieri.it\\\/wordpress\\\/?s={search_term_string}\"},\"query-input\":{\"@type\":\"PropertyValueSpecification\",\"valueRequired\":true,\"valueName\":\"search_term_string\"}}],\"inLanguage\":\"it-IT\"},{\"@type\":[\"Person\",\"Organization\"],\"@id\":\"https:\\\/\\\/www.fabrizioaltieri.it\\\/wordpress\\\/#\\\/schema\\\/person\\\/b9b57fbf444bfcc1f1861e5b25d24b41\",\"name\":\"Fabrizio\",\"image\":{\"@type\":\"ImageObject\",\"inLanguage\":\"it-IT\",\"@id\":\"https:\\\/\\\/www.fabrizioaltieri.it\\\/wordpress\\\/wp-content\\\/uploads\\\/2023\\\/12\\\/scrittorone-e1729327151144.jpg\",\"url\":\"https:\\\/\\\/www.fabrizioaltieri.it\\\/wordpress\\\/wp-content\\\/uploads\\\/2023\\\/12\\\/scrittorone-e1729327151144.jpg\",\"contentUrl\":\"https:\\\/\\\/www.fabrizioaltieri.it\\\/wordpress\\\/wp-content\\\/uploads\\\/2023\\\/12\\\/scrittorone-e1729327151144.jpg\",\"width\":320,\"height\":320,\"caption\":\"Fabrizio\"},\"logo\":{\"@id\":\"https:\\\/\\\/www.fabrizioaltieri.it\\\/wordpress\\\/wp-content\\\/uploads\\\/2023\\\/12\\\/scrittorone-e1729327151144.jpg\"},\"description\":\"Fabrizio Altieri, pisano, \u00e8 insegnante e scrive libri per ragazzi e per grandi. Ha pubblicato con le pi\u00f9 importanti case editrici tra le quali Mondadori, Feltrinelli, Rizzoli e Il Battello a Vapore\",\"sameAs\":[\"https:\\\/\\\/www.facebook.com\\\/fabrizio.altieri\",\"https:\\\/\\\/www.instagram.com\\\/scrittorone\\\/\",\"https:\\\/\\\/x.com\\\/https:\\\/\\\/twitter.com\\\/scrittorone\"],\"url\":\"https:\\\/\\\/www.fabrizioaltieri.it\\\/wordpress\\\/author\\\/fabcyr79\\\/\"}]}<\/script>\n<!-- \/ Yoast SEO plugin. -->","yoast_head_json":{"title":"Il pittore dei mammut - Romanzo di Fabrizio Altieri","description":"Il pittore dei mammut romanzo in alta leggibilit\u00e0 di Fabrizio Altieri per bambini dai 7 anni. Scopri la trama e i personaggi.","robots":{"index":"index","follow":"follow","max-snippet":"max-snippet:-1","max-image-preview":"max-image-preview:large","max-video-preview":"max-video-preview:-1"},"canonical":"https:\/\/www.fabrizioaltieri.it\/wordpress\/tutti-i-miei-libri-per-ragazzi\/battello-a-vapore\/serie-azzurra\/il-pittore-dei-mammut\/","og_locale":"it_IT","og_type":"article","og_title":"Il pittore dei mammut - Romanzo di Fabrizio Altieri","og_description":"Il pittore dei mammut romanzo in alta leggibilit\u00e0 di Fabrizio Altieri per bambini dai 7 anni. Scopri la trama e i personaggi.","og_url":"https:\/\/www.fabrizioaltieri.it\/wordpress\/tutti-i-miei-libri-per-ragazzi\/battello-a-vapore\/serie-azzurra\/il-pittore-dei-mammut\/","og_site_name":"Fabrizio Altieri","article_publisher":"https:\/\/www.facebook.com\/fabrizio.altieri","article_modified_time":"2026-05-01T07:38:06+00:00","og_image":[{"width":1000,"height":1479,"url":"https:\/\/www.fabrizioaltieri.it\/wordpress\/wp-content\/uploads\/2026\/05\/pittore-mammut.jpg","type":"image\/jpeg"}],"twitter_card":"summary_large_image","twitter_site":"@scrittorone","twitter_misc":{"Tempo di lettura stimato":"7 minuti"},"schema":{"@context":"https:\/\/schema.org","@graph":[{"@type":["Article","BlogPosting"],"@id":"https:\/\/www.fabrizioaltieri.it\/wordpress\/tutti-i-miei-libri-per-ragazzi\/battello-a-vapore\/serie-azzurra\/il-pittore-dei-mammut\/#article","isPartOf":{"@id":"https:\/\/www.fabrizioaltieri.it\/wordpress\/tutti-i-miei-libri-per-ragazzi\/battello-a-vapore\/serie-azzurra\/il-pittore-dei-mammut\/"},"author":{"name":"Fabrizio","@id":"https:\/\/www.fabrizioaltieri.it\/wordpress\/#\/schema\/person\/b9b57fbf444bfcc1f1861e5b25d24b41"},"headline":"Il pittore dei mammut","datePublished":"2026-05-01T07:10:41+00:00","dateModified":"2026-05-01T07:38:06+00:00","mainEntityOfPage":{"@id":"https:\/\/www.fabrizioaltieri.it\/wordpress\/tutti-i-miei-libri-per-ragazzi\/battello-a-vapore\/serie-azzurra\/il-pittore-dei-mammut\/"},"wordCount":882,"publisher":{"@id":"https:\/\/www.fabrizioaltieri.it\/wordpress\/#\/schema\/person\/b9b57fbf444bfcc1f1861e5b25d24b41"},"image":{"@id":"https:\/\/www.fabrizioaltieri.it\/wordpress\/tutti-i-miei-libri-per-ragazzi\/battello-a-vapore\/serie-azzurra\/il-pittore-dei-mammut\/#primaryimage"},"thumbnailUrl":"https:\/\/www.fabrizioaltieri.it\/wordpress\/wp-content\/uploads\/2026\/05\/pittore-mammut-203x300.jpg","inLanguage":"it-IT"},{"@type":"WebPage","@id":"https:\/\/www.fabrizioaltieri.it\/wordpress\/tutti-i-miei-libri-per-ragazzi\/battello-a-vapore\/serie-azzurra\/il-pittore-dei-mammut\/","url":"https:\/\/www.fabrizioaltieri.it\/wordpress\/tutti-i-miei-libri-per-ragazzi\/battello-a-vapore\/serie-azzurra\/il-pittore-dei-mammut\/","name":"Il pittore dei mammut - Romanzo di Fabrizio Altieri","isPartOf":{"@id":"https:\/\/www.fabrizioaltieri.it\/wordpress\/#website"},"primaryImageOfPage":{"@id":"https:\/\/www.fabrizioaltieri.it\/wordpress\/tutti-i-miei-libri-per-ragazzi\/battello-a-vapore\/serie-azzurra\/il-pittore-dei-mammut\/#primaryimage"},"image":{"@id":"https:\/\/www.fabrizioaltieri.it\/wordpress\/tutti-i-miei-libri-per-ragazzi\/battello-a-vapore\/serie-azzurra\/il-pittore-dei-mammut\/#primaryimage"},"thumbnailUrl":"https:\/\/www.fabrizioaltieri.it\/wordpress\/wp-content\/uploads\/2026\/05\/pittore-mammut-203x300.jpg","datePublished":"2026-05-01T07:10:41+00:00","dateModified":"2026-05-01T07:38:06+00:00","description":"Il pittore dei mammut romanzo in alta leggibilit\u00e0 di Fabrizio Altieri per bambini dai 7 anni. Scopri la trama e i personaggi.","breadcrumb":{"@id":"https:\/\/www.fabrizioaltieri.it\/wordpress\/tutti-i-miei-libri-per-ragazzi\/battello-a-vapore\/serie-azzurra\/il-pittore-dei-mammut\/#breadcrumb"},"inLanguage":"it-IT","potentialAction":[{"@type":"ReadAction","target":["https:\/\/www.fabrizioaltieri.it\/wordpress\/tutti-i-miei-libri-per-ragazzi\/battello-a-vapore\/serie-azzurra\/il-pittore-dei-mammut\/"]}]},{"@type":"ImageObject","inLanguage":"it-IT","@id":"https:\/\/www.fabrizioaltieri.it\/wordpress\/tutti-i-miei-libri-per-ragazzi\/battello-a-vapore\/serie-azzurra\/il-pittore-dei-mammut\/#primaryimage","url":"https:\/\/www.fabrizioaltieri.it\/wordpress\/wp-content\/uploads\/2026\/05\/pittore-mammut.jpg","contentUrl":"https:\/\/www.fabrizioaltieri.it\/wordpress\/wp-content\/uploads\/2026\/05\/pittore-mammut.jpg","width":1000,"height":1479},{"@type":"BreadcrumbList","@id":"https:\/\/www.fabrizioaltieri.it\/wordpress\/tutti-i-miei-libri-per-ragazzi\/battello-a-vapore\/serie-azzurra\/il-pittore-dei-mammut\/#breadcrumb","itemListElement":[{"@type":"ListItem","position":1,"name":"Home","item":"https:\/\/www.fabrizioaltieri.it\/wordpress\/"},{"@type":"ListItem","position":2,"name":"Battello a Vapore","item":"https:\/\/www.fabrizioaltieri.it\/wordpress\/tag\/battello-a-vapore\/"},{"@type":"ListItem","position":3,"name":"Tutti i miei libri","item":"https:\/\/www.fabrizioaltieri.it\/wordpress\/tutti-i-miei-libri-per-ragazzi\/"},{"@type":"ListItem","position":4,"name":"Il Battello a Vapore","item":"https:\/\/www.fabrizioaltieri.it\/wordpress\/tutti-i-miei-libri-per-ragazzi\/battello-a-vapore\/"},{"@type":"ListItem","position":5,"name":"Serie Azzurra","item":"https:\/\/www.fabrizioaltieri.it\/wordpress\/tutti-i-miei-libri-per-ragazzi\/battello-a-vapore\/serie-azzurra\/"},{"@type":"ListItem","position":6,"name":"Il pittore dei mammut"}]},{"@type":"WebSite","@id":"https:\/\/www.fabrizioaltieri.it\/wordpress\/#website","url":"https:\/\/www.fabrizioaltieri.it\/wordpress\/","name":"Fabrizio Altieri","description":"Scrittore e insegnante","publisher":{"@id":"https:\/\/www.fabrizioaltieri.it\/wordpress\/#\/schema\/person\/b9b57fbf444bfcc1f1861e5b25d24b41"},"alternateName":"Schede didattiche e libri per ragazzi","potentialAction":[{"@type":"SearchAction","target":{"@type":"EntryPoint","urlTemplate":"https:\/\/www.fabrizioaltieri.it\/wordpress\/?s={search_term_string}"},"query-input":{"@type":"PropertyValueSpecification","valueRequired":true,"valueName":"search_term_string"}}],"inLanguage":"it-IT"},{"@type":["Person","Organization"],"@id":"https:\/\/www.fabrizioaltieri.it\/wordpress\/#\/schema\/person\/b9b57fbf444bfcc1f1861e5b25d24b41","name":"Fabrizio","image":{"@type":"ImageObject","inLanguage":"it-IT","@id":"https:\/\/www.fabrizioaltieri.it\/wordpress\/wp-content\/uploads\/2023\/12\/scrittorone-e1729327151144.jpg","url":"https:\/\/www.fabrizioaltieri.it\/wordpress\/wp-content\/uploads\/2023\/12\/scrittorone-e1729327151144.jpg","contentUrl":"https:\/\/www.fabrizioaltieri.it\/wordpress\/wp-content\/uploads\/2023\/12\/scrittorone-e1729327151144.jpg","width":320,"height":320,"caption":"Fabrizio"},"logo":{"@id":"https:\/\/www.fabrizioaltieri.it\/wordpress\/wp-content\/uploads\/2023\/12\/scrittorone-e1729327151144.jpg"},"description":"Fabrizio Altieri, pisano, \u00e8 insegnante e scrive libri per ragazzi e per grandi. Ha pubblicato con le pi\u00f9 importanti case editrici tra le quali Mondadori, Feltrinelli, Rizzoli e Il Battello a Vapore","sameAs":["https:\/\/www.facebook.com\/fabrizio.altieri","https:\/\/www.instagram.com\/scrittorone\/","https:\/\/x.com\/https:\/\/twitter.com\/scrittorone"],"url":"https:\/\/www.fabrizioaltieri.it\/wordpress\/author\/fabcyr79\/"}]}},"_links":{"self":[{"href":"https:\/\/www.fabrizioaltieri.it\/wordpress\/wp-json\/wp\/v2\/pages\/453199","targetHints":{"allow":["GET"]}}],"collection":[{"href":"https:\/\/www.fabrizioaltieri.it\/wordpress\/wp-json\/wp\/v2\/pages"}],"about":[{"href":"https:\/\/www.fabrizioaltieri.it\/wordpress\/wp-json\/wp\/v2\/types\/page"}],"author":[{"embeddable":true,"href":"https:\/\/www.fabrizioaltieri.it\/wordpress\/wp-json\/wp\/v2\/users\/1"}],"replies":[{"embeddable":true,"href":"https:\/\/www.fabrizioaltieri.it\/wordpress\/wp-json\/wp\/v2\/comments?post=453199"}],"version-history":[{"count":0,"href":"https:\/\/www.fabrizioaltieri.it\/wordpress\/wp-json\/wp\/v2\/pages\/453199\/revisions"}],"up":[{"embeddable":true,"href":"https:\/\/www.fabrizioaltieri.it\/wordpress\/wp-json\/wp\/v2\/pages\/5037"}],"wp:attachment":[{"href":"https:\/\/www.fabrizioaltieri.it\/wordpress\/wp-json\/wp\/v2\/media?parent=453199"}],"curies":[{"name":"wp","href":"https:\/\/api.w.org\/{rel}","templated":true}]}}