{"id":8032,"date":"2016-12-24T17:40:08","date_gmt":"2016-12-24T16:40:08","guid":{"rendered":"http:\/\/www.fabrizioaltieri.it\/wordpress\/?page_id=8032"},"modified":"2024-12-23T15:59:32","modified_gmt":"2024-12-23T14:59:32","slug":"come-sopravvissi-alla-prima-media","status":"publish","type":"page","link":"https:\/\/www.fabrizioaltieri.it\/wordpress\/tutti-i-miei-libri-per-ragazzi\/einaudi-ragazzi\/come-sopravvissi-alla-prima-media\/","title":{"rendered":"Come sopravvissi alla prima media"},"content":{"rendered":"<div class='ai-viewports ai-viewport-3 ai-insert-55-27276154' style='margin: 8px auto; text-align: center; display: block; clear: both;' data-insertion-position='prepend' data-selector='.ai-insert-55-27276154' data-insertion-no-dbg data-code='PGRpdiBjbGFzcz0nY29kZS1ibG9jayBjb2RlLWJsb2NrLTU1IGNvZGUtYmxvY2stcHJpbWEtZGVsLWNvbnRlbnV0by1maXNzbyBhaS10cmFjaycgZGF0YS1haT0nV3pVMUxDSWlMQ0p3Y21sdFlTQmtaV3dnWTI5dWRHVnVkWFJ2SUdacGMzTnZJaXdpSWl3eFhRPT0nIHN0eWxlPSdtYXJnaW46IDhweCBhdXRvOyB0ZXh0LWFsaWduOiBjZW50ZXI7IGRpc3BsYXk6IGJsb2NrOyBjbGVhcjogYm90aDsnPgoKPGRpdiBjbGFzcz0nYWktcm90YXRlIGFpLXVucHJvY2Vzc2VkIGFpLXJvdGF0ZS01NS04MDc3ODM2MycgZGF0YS1zaGFyZXM9J1d5MHhMRFUxTERFd01GMD0nIHN0eWxlPSdwb3NpdGlvbjogcmVsYXRpdmU7Jz4KPGRpdiBjbGFzcz0iYWktcm90YXRlLW9wdGlvbiIgZGF0YS1pbmRleD0iMSIgZGF0YS1uYW1lPSJRUT09IiBkYXRhLWNvZGU9IkNnbzhjMk55YVhCMElHRnplVzVqSUhOeVl6MGlhSFIwY0hNNkx5OXdZV2RsWVdReUxtZHZiMmRzWlhONWJtUnBZMkYwYVc5dUxtTnZiUzl3WVdkbFlXUXZhbk12WVdSellubG5iMjluYkdVdWFuTS9ZMnhwWlc1MFBXTmhMWEIxWWkwMk16Y3pOVFU0TVRBeE1UYzNPRFkxSWdvZ0lDQWdJR055YjNOemIzSnBaMmx1UFNKaGJtOXVlVzF2ZFhNaVBqd3ZjMk55YVhCMFBnbzhJUzB0SUhCeWFXMWhJR1JsYkd3bllYSjBhV052Ykc4Z2MyMWhjblJ3YUc5dVpTQXlNREkxSUMwdFBnbzhhVzV6SUdOc1lYTnpQU0poWkhOaWVXZHZiMmRzWlNJS0lDQWdJQ0J6ZEhsc1pUMGlaR2x6Y0d4aGVUcGliRzlqYXlJS0lDQWdJQ0JrWVhSaExXRmtMV05zYVdWdWREMGlZMkV0Y0hWaUxUWXpOek0xTlRneE1ERXhOemM0TmpVaUNpQWdJQ0FnWkdGMFlTMWhaQzF6Ykc5MFBTSXhNalk1TnpVeE16QXlJZ29nSUNBZ0lHUmhkR0V0WVdRdFptOXliV0YwUFNKaGRYUnZJZ29nSUNBZ0lHUmhkR0V0Wm5Wc2JDMTNhV1IwYUMxeVpYTndiMjV6YVhabFBTSjBjblZsSWo0OEwybHVjejRLUEhOamNtbHdkRDRLSUNBZ0lDQW9ZV1J6WW5sbmIyOW5iR1VnUFNCM2FXNWtiM2N1WVdSellubG5iMjluYkdVZ2ZId2dXMTBwTG5CMWMyZ29lMzBwT3dvOEwzTmpjbWx3ZEQ0S0NqeHdJSE4wZVd4bFBTSjBaWGgwTFdGc2FXZHVPaUJqWlc1MFpYSTdJajQ4WVNCb2NtVm1QU0pvZEhSd2N6b3ZMM2QzZHk1bVlXSnlhWHBwYjJGc2RHbGxjbWt1YVhRdmQyOXlaSEJ5WlhOekwybHVZMjl1ZEhKdkxXTnZiaTFzWVhWMGIzSmxMeUkrUEdsdFp5QmpiR0Z6Y3owaVlXeHBaMjV1YjI1bElIZHdMV2x0WVdkbExUUXdNVEk0TnlBaUlITnlZejBpYUhSMGNITTZMeTkzZDNjdVptRmljbWw2YVc5aGJIUnBaWEpwTG1sMEwzZHZjbVJ3Y21WemN5OTNjQzFqYjI1MFpXNTBMM1Z3Ykc5aFpITXZNakF5TXk4eE1pOXpZM0pwZEhSdmNtOXVaUzFsTVRjeU9UTXlOekUxTVRFME5DMHpNREI0TXpBd0xtcHdaeUlnWVd4MFBTSlRZM0pwZEhSdmNtOXVaU0lnZDJsa2RHZzlJamt3SWlCb1pXbG5hSFE5SWprd0lpQXZQand2WVQ0OEwzQStDZ284YURNZ2MzUjViR1U5SW5SbGVIUXRZV3hwWjI0NklHTmxiblJsY2pzaVBqeHpkSEp2Ym1jK1ZuVnZhU0JwYm1OdmJuUnlZWEp0YVNCdVpXeHNZU0IwZFdFZ2MyTjFiMnhoUHlBOFlTQm9jbVZtUFNKb2RIUndjem92TDNkM2R5NW1ZV0p5YVhwcGIyRnNkR2xsY21rdWFYUXZkMjl5WkhCeVpYTnpMMmx1WTI5dWRISnZMV052Ymkxc1lYVjBiM0psTHlJK1EyeHBZMk5oSUhGMWFTQThMMkUrUEM5emRISnZibWMrUEM5b016NEtDZ29LQ2c9PSI+CjwvZGl2Pgo8ZGl2IGNsYXNzPSJhaS1yb3RhdGUtb3B0aW9uIiBkYXRhLWluZGV4PSIyIiBkYXRhLW5hbWU9IlFnPT0iIGRhdGEtY29kZT0iQ2p4elkzSnBjSFFnWVhONWJtTWdjM0pqUFNKb2RIUndjem92TDNCaFoyVmhaREl1WjI5dloyeGxjM2x1WkdsallYUnBiMjR1WTI5dEwzQmhaMlZoWkM5cWN5OWhaSE5pZVdkdmIyZHNaUzVxY3o5amJHbGxiblE5WTJFdGNIVmlMVFl6TnpNMU5UZ3hNREV4TnpjNE5qVWlDaUFnSUNBZ1kzSnZjM052Y21sbmFXNDlJbUZ1YjI1NWJXOTFjeUkrUEM5elkzSnBjSFErQ2p3aExTMGdjSEpwYldFZ1pHVnNiQ2RoY25ScFkyOXNieUJ6YldGeWRIQm9iMjVsSURJd01qVWdMUzArQ2p4cGJuTWdZMnhoYzNNOUltRmtjMko1WjI5dloyeGxJZ29nSUNBZ0lITjBlV3hsUFNKa2FYTndiR0Y1T21Kc2IyTnJJZ29nSUNBZ0lHUmhkR0V0WVdRdFkyeHBaVzUwUFNKallTMXdkV0l0TmpNM016VTFPREV3TVRFM056ZzJOU0lLSUNBZ0lDQmtZWFJoTFdGa0xYTnNiM1E5SWpFeU5qazNOVEV6TURJaUNpQWdJQ0FnWkdGMFlTMWhaQzFtYjNKdFlYUTlJbUYxZEc4aUNpQWdJQ0FnWkdGMFlTMW1kV3hzTFhkcFpIUm9MWEpsYzNCdmJuTnBkbVU5SW5SeWRXVWlQand2YVc1elBnbzhjMk55YVhCMFBnb2dJQ0FnSUNoaFpITmllV2R2YjJkc1pTQTlJSGRwYm1SdmR5NWhaSE5pZVdkdmIyZHNaU0I4ZkNCYlhTa3VjSFZ6YUNoN2ZTazdDand2YzJOeWFYQjBQZ29LUEhBZ2MzUjViR1U5SW5SbGVIUXRZV3hwWjI0NklHTmxiblJsY2pzaVBqeHpkSEp2Ym1jK1BHRWdhSEpsWmowaWFIUjBjSE02THk5M2QzY3VabUZpY21sNmFXOWhiSFJwWlhKcExtbDBMM2R2Y21Sd2NtVnpjeTlrYjNkdWJHOWhaQzh5TlRBNE1TOC9kRzF6ZEhZOU1UYzBPVEk0Tnpjek1TSStQR2x0WnlCamJHRnpjejBpWVd4cFoyNXViMjVsSUhkd0xXbHRZV2RsTFRRNE1qRWdjMmw2WlMxbWRXeHNJaUIwYVhSc1pUMGljR1JtSUhOamFHVmtaU0JrWldrZ2JXbGxhU0JzYVdKeWFTSWdjM0pqUFNKb2RIUndjem92TDNkM2R5NW1ZV0p5YVhwcGIyRnNkR2xsY21rdWFYUXZkMjl5WkhCeVpYTnpMM2R3TFdOdmJuUmxiblF2ZFhCc2IyRmtjeTh5TURFMUx6QTRMM0JrWm1samIyNHRaVEUxTmpRd05qWXhPVFEwTnpZdWNHNW5JaUJoYkhROUluQmtaaUJ6WTJobFpHVWdaR1ZwSUcxcFpXa2diR2xpY21raUlIZHBaSFJvUFNJMk1DSWdhR1ZwWjJoMFBTSTJNQ0lnTHo0OEwyRStVMk5oY21sallTQnNaU0J6WTJobFpHVWdaR1ZwSUcxcFpXa2diR2xpY21rOEwzTjBjbTl1Wno0Z1BHRWdhSEpsWmowaWFIUjBjSE02THk5M2QzY3VabUZpY21sNmFXOWhiSFJwWlhKcExtbDBMM2R2Y21Sd2NtVnpjeTlrYjNkdWJHOWhaQzh5TlRBNE1TOC9kRzF6ZEhZOU1UYzBPVEk0Tnpjek1TSWdkR0Z5WjJWMFBTSmZZbXhoYm1zaUlISmxiRDBpYm05dmNHVnVaWElpUGp4emRISnZibWMrUTB4SlEwTkJJRkZWU1R3dmMzUnliMjVuUGp3dllUNDhMM0ErQ2dvS0Nnb0tDZz09Ij4KPC9kaXY+CjxkaXYgY2xhc3M9ImFpLXJvdGF0ZS1vcHRpb24iIGRhdGEtaW5kZXg9IjMiIGRhdGEtbmFtZT0iUXc9PSIgZGF0YS1jb2RlPSJDZ29LUEhOamNtbHdkQ0JoYzNsdVl5QnpjbU05SW1oMGRIQnpPaTh2Y0dGblpXRmtNaTVuYjI5bmJHVnplVzVrYVdOaGRHbHZiaTVqYjIwdmNHRm5aV0ZrTDJwekwyRmtjMko1WjI5dloyeGxMbXB6UDJOc2FXVnVkRDFqWVMxd2RXSXROak0zTXpVMU9ERXdNVEUzTnpnMk5TSUtJQ0FnSUNCamNtOXpjMjl5YVdkcGJqMGlZVzV2Ym5sdGIzVnpJajQ4TDNOamNtbHdkRDRLUENFdExTQndjbWx0WVNCa1pXeHNKMkZ5ZEdsamIyeHZJSE50WVhKMGNHaHZibVVnTWpBeU5TQXRMVDRLUEdsdWN5QmpiR0Z6Y3owaVlXUnpZbmxuYjI5bmJHVWlDaUFnSUNBZ2MzUjViR1U5SW1ScGMzQnNZWGs2WW14dlkyc2lDaUFnSUNBZ1pHRjBZUzFoWkMxamJHbGxiblE5SW1OaExYQjFZaTAyTXpjek5UVTRNVEF4TVRjM09EWTFJZ29nSUNBZ0lHUmhkR0V0WVdRdGMyeHZkRDBpTVRJMk9UYzFNVE13TWlJS0lDQWdJQ0JrWVhSaExXRmtMV1p2Y20xaGREMGlZWFYwYnlJS0lDQWdJQ0JrWVhSaExXWjFiR3d0ZDJsa2RHZ3RjbVZ6Y0c5dWMybDJaVDBpZEhKMVpTSStQQzlwYm5NK0NqeHpZM0pwY0hRK0NpQWdJQ0FnS0dGa2MySjVaMjl2WjJ4bElEMGdkMmx1Wkc5M0xtRmtjMko1WjI5dloyeGxJSHg4SUZ0ZEtTNXdkWE5vS0h0OUtUc0tQQzl6WTNKcGNIUStDZ284Y0NCemRIbHNaVDBpZEdWNGRDMWhiR2xuYmpvZ1kyVnVkR1Z5T3lJZ1pHRjBZUzEzY0MxbFpHbDBhVzVuUFNJeElqNDhjM1J5YjI1blBqeGhJR2h5WldZOUltaDBkSEJ6T2k4dmQzZDNMbVpoWW5KcGVtbHZZV3gwYVdWeWFTNXBkQzkzYjNKa2NISmxjM012Wkc5M2JteHZZV1F2TVRFeU16Z3ZQM1J0YzNSMlBURTNORGswT0RZd056Y2lQanhwYldjZ1kyeGhjM005SW1Gc2FXZHVibTl1WlNCM2NDMXBiV0ZuWlMwME9ESXhJSE5wZW1VdFpuVnNiQ0lnZEdsMGJHVTlJbkJrWmlCelkyaGxaR1VnWkdWcElHMXBaV2tnYkdsaWNta2dNV0VnWlNBeVlTQmxiR1Z0Wlc1MFlYSmxJaUJ6Y21NOUltaDBkSEJ6T2k4dmQzZDNMbVpoWW5KcGVtbHZZV3gwYVdWeWFTNXBkQzkzYjNKa2NISmxjM012ZDNBdFkyOXVkR1Z1ZEM5MWNHeHZZV1J6THpJd01UVXZNRGd2Y0dSbWFXTnZiaTFsTVRVMk5EQTJOakU1TkRRM05pNXdibWNpSUdGc2REMGljR1JtSUhOamFHVmtaU0JrWldrZ2JXbGxhU0JzYVdKeWFTQXhZU0JsSURKaElHVnNaVzFsYm5SaGNtVWlJSGRwWkhSb1BTSTJNQ0lnYUdWcFoyaDBQU0kyTUNJZ0x6NDhMMkUrVTJOaGNtbGpZU0JzWlNCelkyaGxaR1VnWkdWcElHMXBaV2tnYkdsaWNta2djR1Z5SURGaElHVWdNbUVnWld4bGJXVnVkR0Z5WlR3dmMzUnliMjVuUGlBOFlTQm9jbVZtUFNKb2RIUndjem92TDNkM2R5NW1ZV0p5YVhwcGIyRnNkR2xsY21rdWFYUXZkMjl5WkhCeVpYTnpMMlJ2ZDI1c2IyRmtMekV4TWpNNEx6OTBiWE4wZGoweE56UTVORGcyTURjM0lpQjBZWEpuWlhROUlsOWliR0Z1YXlJZ2NtVnNQU0p1YjI5d1pXNWxjaUkrUEhOMGNtOXVaejVEVEVsRFEwRWdVVlZKUEM5emRISnZibWMrUEM5aFBqd3ZjRDRLQ2dvPSI+CjwvZGl2Pgo8L2Rpdj4KPHNjcmlwdD5pZiAodHlwZW9mIGFpX2pzX2NvZGUgPT0gJ2Jvb2xlYW4nKSB7dmFyIGFpX2Jsb2NrX2RpdiA9IGRvY3VtZW50LnF1ZXJ5U2VsZWN0b3IgKCcuYWktcm90YXRlLTU1LTgwNzc4MzYzJyk7IGFpX3Byb2Nlc3Nfcm90YXRpb24gKGFpX2Jsb2NrX2Rpdik7IGFpX2Jsb2NrX2Rpdi5jbGFzc0xpc3QucmVtb3ZlICgnYWktcm90YXRlLTU1LTgwNzc4MzYzJyk7fTs8L3NjcmlwdD4KPC9kaXY+Cg==' data-block='55'><\/div>\n<script>\n  ai_run_777209732109 = function(){ai_insert_viewport_code ('ai-insert-55-27276154');};\n  if (document.readyState === 'complete' || (document.readyState !== 'loading' && !document.documentElement.doScroll)) ai_run_777209732109 (); else document.addEventListener ('DOMContentLoaded', ai_run_777209732109);\n<\/script>\n<p><strong>Come sopravvissi alla prima <a href=\"https:\/\/www.fabrizioaltieri.it\/wordpress\/schede-didattiche-scuola-media-3\/\">media<\/a><\/strong> \u00e8 il mio libro pubblicato da Einaudi Ragazzi che tratta con ironia il passaggio dalla scuola <a href=\"https:\/\/www.fabrizioaltieri.it\/wordpress\/schede-didattiche-scuola-primaria\/\">primaria<\/a> alla <a href=\"https:\/\/www.fabrizioaltieri.it\/wordpress\/schede-didattiche-classe-prima-media\/\">prima media<\/a> di un gruppo di ragazzini.<\/p>\n<h3 style=\"text-align: center;\"><a class=\"snppopup\" href=\"https:\/\/amzn.to\/3S5gxEe\" target=\"_blank\" rel=\"nofollow external noopener noreferrer\" data-wpel-link=\"external\"><img loading=\"lazy\" decoding=\"async\" class=\"aligncenter wp-image-7551\" src=\"https:\/\/www.fabrizioaltieri.it\/wordpress\/wp-content\/uploads\/2016\/11\/amazon.ico\" sizes=\"auto, (max-width: 48px) 100vw, 48px\" srcset=\"https:\/\/www.fabrizioaltieri.it\/wordpress\/wp-content\/uploads\/2016\/11\/amazon.ico 16w, https:\/\/www.fabrizioaltieri.it\/wordpress\/wp-content\/uploads\/2016\/11\/amazon-36x36.ico 36w, https:\/\/www.fabrizioaltieri.it\/wordpress\/wp-content\/uploads\/2016\/11\/amazon-24x24.ico 24w, https:\/\/www.fabrizioaltieri.it\/wordpress\/wp-content\/uploads\/2016\/11\/amazon-48x48.ico 48w, https:\/\/www.fabrizioaltieri.it\/wordpress\/wp-content\/uploads\/2016\/11\/amazon-150x150.ico 150w\" alt=\"\" width=\"48\" height=\"48\" \/><\/a><strong>Compralo in sconto su Amazon\u00a0<a class=\"snppopup\" href=\"https:\/\/amzn.to\/3S5gxEe\" target=\"_blank\" rel=\"nofollow external noopener noreferrer\" data-wpel-link=\"external\">clicca qui<\/a><\/strong><\/h3>\n<p style=\"text-align: left;\"><a href=\"https:\/\/www.fabrizioaltieri.it\/wordpress\/wp-content\/uploads\/2014\/04\/Come-sopravvissi-alla-prima-media-cover-ridotta.jpg\"><img loading=\"lazy\" decoding=\"async\" class=\"alignleft wp-image-4889\" src=\"https:\/\/www.fabrizioaltieri.it\/wordpress\/wp-content\/uploads\/2014\/04\/Come-sopravvissi-alla-prima-media-cover-ridotta.jpg\" alt=\"Come sopravvissi alla prima media libro\" width=\"76\" height=\"106\" srcset=\"https:\/\/www.fabrizioaltieri.it\/wordpress\/wp-content\/uploads\/2014\/04\/Come-sopravvissi-alla-prima-media-cover-ridotta.jpg 309w, https:\/\/www.fabrizioaltieri.it\/wordpress\/wp-content\/uploads\/2014\/04\/Come-sopravvissi-alla-prima-media-cover-ridotta-217x300.jpg 217w, https:\/\/www.fabrizioaltieri.it\/wordpress\/wp-content\/uploads\/2014\/04\/Come-sopravvissi-alla-prima-media-cover-ridotta-209x290.jpg 209w, https:\/\/www.fabrizioaltieri.it\/wordpress\/wp-content\/uploads\/2014\/04\/Come-sopravvissi-alla-prima-media-cover-ridotta-17x24.jpg 17w, https:\/\/www.fabrizioaltieri.it\/wordpress\/wp-content\/uploads\/2014\/04\/Come-sopravvissi-alla-prima-media-cover-ridotta-26x36.jpg 26w, https:\/\/www.fabrizioaltieri.it\/wordpress\/wp-content\/uploads\/2014\/04\/Come-sopravvissi-alla-prima-media-cover-ridotta-35x48.jpg 35w\" sizes=\"auto, (max-width: 76px) 100vw, 76px\" \/><\/a>Prima media: si pu\u00f2 diventare amici contemporaneamente di Torsolo, il pi\u00f9 disprezzato dalla classe e di Dugongo, il bullo pi\u00f9 maldestro che si sia mai visto?<\/p>\n<p>E se il padre di Torsolo viene messo in galera, come potranno aiutarlo i suoi nuovi amici?<\/p>\n<p>E come reagiscono i ragazzini quando scoprono l\u2019esistenza di persone che soffrono o che vivono ai margini? Ivan, appena arrivato in prima media, incontra Torsolo e Dugongo e ne diventa amico. Quando il padre di Torsolo viene messo in prigione i tre ragazzi partono per un viaggio in bici da cross per andare a trovarlo. Sar\u00e0 un percorso affascinante, durante il quale ai tre protagonisti si faranno incontro personaggi buffi, stralunati e poetici, che diventeranno loro amici. Compiuta la missione li aspettano le ingiustizie della cattivissima professoressa &#8211; \u00a0l\u2019Aperegina &#8211; e del suo pupillo &#8211; il Conforme &#8211; a cui i tre amici cercheranno di porre rimedio.<\/p>\n<p>In tutte le librerie nella Collana Storie e Rime\u00a0di Einaudi Ragazzi.<\/p>\n<h3 style=\"text-align: center;\"><a class=\"snppopup\" href=\"https:\/\/amzn.to\/3S5gxEe\" target=\"_blank\" rel=\"nofollow external noopener noreferrer\" data-wpel-link=\"external\"><img loading=\"lazy\" decoding=\"async\" class=\"aligncenter wp-image-7551\" src=\"https:\/\/www.fabrizioaltieri.it\/wordpress\/wp-content\/uploads\/2016\/11\/amazon.ico\" sizes=\"auto, (max-width: 48px) 100vw, 48px\" srcset=\"https:\/\/www.fabrizioaltieri.it\/wordpress\/wp-content\/uploads\/2016\/11\/amazon.ico 16w, https:\/\/www.fabrizioaltieri.it\/wordpress\/wp-content\/uploads\/2016\/11\/amazon-36x36.ico 36w, https:\/\/www.fabrizioaltieri.it\/wordpress\/wp-content\/uploads\/2016\/11\/amazon-24x24.ico 24w, https:\/\/www.fabrizioaltieri.it\/wordpress\/wp-content\/uploads\/2016\/11\/amazon-48x48.ico 48w, https:\/\/www.fabrizioaltieri.it\/wordpress\/wp-content\/uploads\/2016\/11\/amazon-150x150.ico 150w\" alt=\"\" width=\"48\" height=\"48\" \/><\/a><strong>Compralo in sconto su Amazon\u00a0<a class=\"snppopup\" href=\"https:\/\/amzn.to\/3S5gxEe\" target=\"_blank\" rel=\"nofollow external noopener noreferrer\" data-wpel-link=\"external\">clicca qui<\/a><\/strong><\/h3>\n<p><strong>Uno dei miei <a href=\"https:\/\/www.fabrizioaltieri.it\/wordpress\/tutti-i-miei-libri-per-ragazzi\/\">libri<\/a> <a href=\"https:\/\/www.fabrizioaltieri.it\/wordpress\/tutti-i-miei-libri-per-ragazzi\/\">per ragazzi<\/a> di 11 anni che tratta <a href=\"https:\/\/www.fabrizioaltieri.it\/wordpress\/tutti-i-miei-libri-per-ragazzi\/battello-a-vapore\/serie-azzurra\/geranio-il-cane-caduto-dal-cielo\/materiale-didattico-scuola-primaria\/\">argomenti<\/a> importanti come l&#8217;amicizia e la sofferenza con un piglio leggero e ironico. Adatto per ragazzi che vogliono scoprire il mondo.<\/strong><\/p>\n<p><strong>Come sopravvissi alla prima media libro per parlare di: <a href=\"https:\/\/www.fabrizioaltieri.it\/wordpress\/libri-ragazzi-sullamicizia\/\">amicizia<\/a>, <a href=\"https:\/\/www.fabrizioaltieri.it\/wordpress\/libri-ragazzi-sulla-solidarieta\/\">solidariet\u00e0<\/a>, umorismo. Einaudi Ragazzi. Prezzo <del>11 \u20ac <\/del>\u00a0compralo scontato a <span style=\"color: #ff0000;\">9,35<\/span> \u20ac cliccando il pulsante sotto.<\/strong><\/p>\n<p><a href=\"https:\/\/www.fabrizioaltieri.it\/wordpress\/wp-content\/uploads\/2015\/08\/pdficon-e1564066194476.png\"><img loading=\"lazy\" decoding=\"async\" class=\" wp-image-4821 alignleft\" src=\"https:\/\/www.fabrizioaltieri.it\/wordpress\/wp-content\/uploads\/2015\/08\/pdficon-e1564066194476.png\" alt=\"\" width=\"51\" height=\"51\" srcset=\"https:\/\/www.fabrizioaltieri.it\/wordpress\/wp-content\/uploads\/2015\/08\/pdficon-e1564066194476.png 60w, https:\/\/www.fabrizioaltieri.it\/wordpress\/wp-content\/uploads\/2015\/08\/pdficon-e1564066194476-36x36.png 36w, https:\/\/www.fabrizioaltieri.it\/wordpress\/wp-content\/uploads\/2015\/08\/pdficon-e1564066194476-24x24.png 24w, https:\/\/www.fabrizioaltieri.it\/wordpress\/wp-content\/uploads\/2015\/08\/pdficon-e1564066194476-48x48.png 48w\" sizes=\"auto, (max-width: 51px) 100vw, 51px\" \/><\/a><a href=\"https:\/\/www.fabrizioaltieri.it\/wordpress\/wp-content\/uploads\/2022\/03\/verbi-come-sopravvissi-alla-prima-media.pdf\">Scarica la scheda didattica sui verbi basata sul libro <\/a>&#8216;<strong>Come sopravvissi alla prima media<\/strong>&#8216;<\/p>\n<p style=\"text-align: center;\"><a class=\"maxbutton-6 maxbutton maxbutton-compra-sopravvissi\" target=\"_blank\" rel=\"noopener\" href=\"https:\/\/www.amazon.it\/gp\/product\/886656270X\/ref=as_li_ss_tl?ie=UTF8&amp;camp=3370&amp;creative=24114&amp;creativeASIN=886656270X&amp;linkCode=as2&amp;tag=fabrialtie-21\"><span class='mb-text'>Vai su Amazon<\/span><\/a><\/p>\n<p style=\"text-align: center;\"><strong><a href=\"https:\/\/www.fabrizioaltieri.it\/wordpress\/wp-content\/uploads\/2015\/12\/TUTTI-I-LIBRI-PER-BAMBINI-E-RAGAZZI-DI-FABRIZIO-ALTIERI.pdf\" target=\"_blank\" rel=\"noopener noreferrer\"><img loading=\"lazy\" decoding=\"async\" class=\"wp-image-4821 alignnone\" src=\"https:\/\/www.fabrizioaltieri.it\/wordpress\/wp-content\/uploads\/2015\/08\/pdficon.png\" alt=\"schede didattiche\" width=\"60\" height=\"60\" \/><\/a><a  data-e-Disable-Page-Transition=\"true\" class=\"download-link\" title=\"\" href=\"https:\/\/www.fabrizioaltieri.it\/wordpress\/download\/7702\/?tmstv=1777281472\" rel=\"nofollow\" id=\"download-link-7702\" data-redirect=\"false\" >\n\tSchede dei miei libri<\/a>\n<\/strong><\/p>\n<div class=\"su-divider su-divider-style-default\" style=\"margin:5px 0;border-width:2px;border-color:#999999\"><\/div>\n<h4 style=\"text-align: center;\">Scopri tutti i miei <a href=\"https:\/\/www.fabrizioaltieri.it\/wordpress\/tutti-i-miei-libri-per-ragazzi\/\">libri per ragazzi<\/a><\/h4>\n<p><div class=\"su-row\"><div class=\"su-column su-column-size-1-4\"><div class=\"su-column-inner su-u-clearfix su-u-trim\"><a href=\"https:\/\/www.fabrizioaltieri.it\/wordpress\/favole-per-bambini\/\" target=\"_blank\" rel=\"noopener noreferrer\"><img loading=\"lazy\" decoding=\"async\" class=\"alignnone wp-image-4010\" src=\"https:\/\/www.fabrizioaltieri.it\/wordpress\/wp-content\/uploads\/2014\/04\/Meler\u00e8-la-musica-bambina.jpg\" alt=\"\" width=\"45\" height=\"60\" srcset=\"https:\/\/www.fabrizioaltieri.it\/wordpress\/wp-content\/uploads\/2014\/04\/Meler\u00e8-la-musica-bambina.jpg 115w, https:\/\/www.fabrizioaltieri.it\/wordpress\/wp-content\/uploads\/2014\/04\/Meler\u00e8-la-musica-bambina-18x24.jpg 18w, https:\/\/www.fabrizioaltieri.it\/wordpress\/wp-content\/uploads\/2014\/04\/Meler\u00e8-la-musica-bambina-27x36.jpg 27w, https:\/\/www.fabrizioaltieri.it\/wordpress\/wp-content\/uploads\/2014\/04\/Meler\u00e8-la-musica-bambina-36x48.jpg 36w\" sizes=\"auto, (max-width: 45px) 100vw, 45px\" \/><\/a>\u00a0<strong>0<\/strong><strong>\u00a0&#8211; 5 anni<\/strong><\/p>\n<p><strong><a href=\"https:\/\/www.fabrizioaltieri.it\/wordpress\/favole-per-bambini\/\" target=\"_blank\" rel=\"noopener noreferrer\">Clicca qui<\/a><\/strong><\/p>\n<p><\/div><\/div> <div class=\"su-column su-column-size-1-4\"><div class=\"su-column-inner su-u-clearfix su-u-trim\"><a href=\"https:\/\/www.fabrizioaltieri.it\/wordpress\/libri-per-bambini-di-7-anni\/\" target=\"_blank\" rel=\"noopener noreferrer\"><img loading=\"lazy\" decoding=\"async\" class=\"alignnone wp-image-6687\" src=\"https:\/\/www.fabrizioaltieri.it\/wordpress\/wp-content\/uploads\/2015\/11\/geranio-il-cane-caduto-dal-cielo.jpg\" alt=\"\" width=\"37\" height=\"60\" srcset=\"https:\/\/www.fabrizioaltieri.it\/wordpress\/wp-content\/uploads\/2015\/11\/geranio-il-cane-caduto-dal-cielo.jpg 305w, https:\/\/www.fabrizioaltieri.it\/wordpress\/wp-content\/uploads\/2015\/11\/geranio-il-cane-caduto-dal-cielo-183x300.jpg 183w, https:\/\/www.fabrizioaltieri.it\/wordpress\/wp-content\/uploads\/2015\/11\/geranio-il-cane-caduto-dal-cielo-177x290.jpg 177w, https:\/\/www.fabrizioaltieri.it\/wordpress\/wp-content\/uploads\/2015\/11\/geranio-il-cane-caduto-dal-cielo-15x24.jpg 15w, https:\/\/www.fabrizioaltieri.it\/wordpress\/wp-content\/uploads\/2015\/11\/geranio-il-cane-caduto-dal-cielo-22x36.jpg 22w, https:\/\/www.fabrizioaltieri.it\/wordpress\/wp-content\/uploads\/2015\/11\/geranio-il-cane-caduto-dal-cielo-29x48.jpg 29w\" sizes=\"auto, (max-width: 37px) 100vw, 37px\" \/><\/a>\u00a0<strong>6 &#8211; 9 anni<\/strong><\/p>\n<p><a href=\"https:\/\/www.fabrizioaltieri.it\/wordpress\/libri-per-bambini-di-7-anni\/\" target=\"_blank\" rel=\"noopener noreferrer\"><strong>Clicca qui<\/strong><\/a><\/p>\n<p><\/div><\/div> <div class=\"su-column su-column-size-1-4\"><div class=\"su-column-inner su-u-clearfix su-u-trim\"><a href=\"https:\/\/www.fabrizioaltieri.it\/wordpress\/libri-per-bambini-di-10-anni\/\" target=\"_blank\" rel=\"noopener noreferrer\"><img loading=\"lazy\" decoding=\"async\" class=\"alignnone wp-image-5242\" src=\"https:\/\/www.fabrizioaltieri.it\/wordpress\/wp-content\/uploads\/2015\/09\/Copertina-dupont-leggerissima.jpg\" alt=\"come sopravvissi alla prima media libro\" width=\"38\" height=\"60\" srcset=\"https:\/\/www.fabrizioaltieri.it\/wordpress\/wp-content\/uploads\/2015\/09\/Copertina-dupont-leggerissima.jpg 295w, https:\/\/www.fabrizioaltieri.it\/wordpress\/wp-content\/uploads\/2015\/09\/Copertina-dupont-leggerissima-188x300.jpg 188w, https:\/\/www.fabrizioaltieri.it\/wordpress\/wp-content\/uploads\/2015\/09\/Copertina-dupont-leggerissima-182x290.jpg 182w, https:\/\/www.fabrizioaltieri.it\/wordpress\/wp-content\/uploads\/2015\/09\/Copertina-dupont-leggerissima-15x24.jpg 15w, https:\/\/www.fabrizioaltieri.it\/wordpress\/wp-content\/uploads\/2015\/09\/Copertina-dupont-leggerissima-23x36.jpg 23w, https:\/\/www.fabrizioaltieri.it\/wordpress\/wp-content\/uploads\/2015\/09\/Copertina-dupont-leggerissima-30x48.jpg 30w\" sizes=\"auto, (max-width: 38px) 100vw, 38px\" \/><\/a>\u00a0<strong>10 &#8211; 12 anni<\/strong><\/p>\n<p><a href=\"https:\/\/www.fabrizioaltieri.it\/wordpress\/libri-per-bambini-di-10-anni\/\" target=\"_blank\" rel=\"noopener noreferrer\"><strong>Clicca qui<\/strong><\/a><\/p>\n<p><\/div><\/div> <div class=\"su-column su-column-size-1-4\"><div class=\"su-column-inner su-u-clearfix su-u-trim\"><a href=\"https:\/\/www.fabrizioaltieri.it\/wordpress\/libri-ragazzi-14-anni\/\" target=\"_blank\" rel=\"noopener noreferrer\"><img loading=\"lazy\" decoding=\"async\" class=\"alignnone wp-image-7268\" src=\"https:\/\/www.fabrizioaltieri.it\/wordpress\/wp-content\/uploads\/2016\/03\/UomoTreno_Low.jpg\" alt=\"come sopravvissi alla prima media libro\" width=\"40\" height=\"60\" srcset=\"https:\/\/www.fabrizioaltieri.it\/wordpress\/wp-content\/uploads\/2016\/03\/UomoTreno_Low.jpg 275w, https:\/\/www.fabrizioaltieri.it\/wordpress\/wp-content\/uploads\/2016\/03\/UomoTreno_Low-200x300.jpg 200w, https:\/\/www.fabrizioaltieri.it\/wordpress\/wp-content\/uploads\/2016\/03\/UomoTreno_Low-193x290.jpg 193w, https:\/\/www.fabrizioaltieri.it\/wordpress\/wp-content\/uploads\/2016\/03\/UomoTreno_Low-16x24.jpg 16w, https:\/\/www.fabrizioaltieri.it\/wordpress\/wp-content\/uploads\/2016\/03\/UomoTreno_Low-24x36.jpg 24w, https:\/\/www.fabrizioaltieri.it\/wordpress\/wp-content\/uploads\/2016\/03\/UomoTreno_Low-32x48.jpg 32w\" sizes=\"auto, (max-width: 40px) 100vw, 40px\" \/><\/a>\u00a0<strong>12+ anni<\/strong><\/p>\n<p><img class=\"alignleft\" alt=\"\" width=\"1\" height=\"1\" border=\"0\" \/><a href=\"https:\/\/www.fabrizioaltieri.it\/wordpress\/libri-ragazzi-14-anni\/\" target=\"_blank\" rel=\"noopener noreferrer\"><strong>Clicca qui<\/strong><\/a><\/div><\/div><\/div><br \/>\n<img class=\"alignleft\" alt=\"\" width=\"1\" height=\"1\" border=\"0\" \/><\/p>\n<h3 style=\"text-align: left;\">Libri per ragazzi di 11 anni<\/h3>\n<h4>Come sopravvissi alla prima media <a href=\"https:\/\/www.fabrizioaltieri.it\/wordpress\/tutti-i-miei-libri-per-ragazzi\/\">libro per ragazzi<\/a>.<\/h4>\n<h4 style=\"text-align: center;\"><strong><a href=\"https:\/\/www.fabrizioaltieri.it\/wordpress\/\">HOME<\/a><\/strong><\/h4>\n<div class=\"su-expand su-expand-link-style-default\" data-height=\"0\">\n<div class=\"su-expand-content\"><\/div>\n<\/div>\n<script>if (typeof ai_install_close_buttons == \"function\") {ai_install_close_buttons (document);}<\/script><!-- CONTENT END 1 -->\n","protected":false},"excerpt":{"rendered":"<p>Come sopravvissi alla prima media \u00e8 il mio libro pubblicato da Einaudi Ragazzi che tratta con ironia il passaggio dalla scuola primaria alla prima media di un gruppo di ragazzini. Compralo in sconto su Amazon\u00a0clicca qui Prima media: si pu\u00f2 diventare amici contemporaneamente di Torsolo, il pi\u00f9 disprezzato dalla classe e di Dugongo, il bullo [&hellip;]<\/p>\n","protected":false},"author":1,"featured_media":0,"parent":4919,"menu_order":0,"comment_status":"closed","ping_status":"closed","template":"page-with-sidebar","meta":{"footnotes":""},"class_list":["post-8032","page","type-page","status-publish","hentry"],"yoast_head":"<!-- This site is optimized with the Yoast SEO plugin v27.4 - https:\/\/yoast.com\/product\/yoast-seo-wordpress\/ -->\n<title>Come sopravvissi alla prima media - Un libro sul passaggio alle medie<\/title>\n<meta name=\"description\" content=\"Come sopravvissi alla prima media libro Einaudi Ragazzi che tratta con ironia il delicato passaggio dalle elementari alle medie\" \/>\n<meta name=\"robots\" content=\"index, follow, max-snippet:-1, max-image-preview:large, max-video-preview:-1\" \/>\n<link rel=\"canonical\" href=\"https:\/\/www.fabrizioaltieri.it\/wordpress\/tutti-i-miei-libri-per-ragazzi\/einaudi-ragazzi\/come-sopravvissi-alla-prima-media\/\" \/>\n<meta property=\"og:locale\" content=\"it_IT\" \/>\n<meta property=\"og:type\" content=\"article\" \/>\n<meta property=\"og:title\" content=\"Come sopravvissi alla prima media - Un libro sul passaggio alle medie\" \/>\n<meta property=\"og:description\" content=\"Come sopravvissi alla prima media libro Einaudi Ragazzi che tratta con ironia il delicato passaggio dalle elementari alle medie\" \/>\n<meta property=\"og:url\" content=\"https:\/\/www.fabrizioaltieri.it\/wordpress\/tutti-i-miei-libri-per-ragazzi\/einaudi-ragazzi\/come-sopravvissi-alla-prima-media\/\" \/>\n<meta property=\"og:site_name\" content=\"Fabrizio Altieri\" \/>\n<meta property=\"article:publisher\" content=\"https:\/\/www.facebook.com\/fabrizio.altieri\" \/>\n<meta property=\"article:modified_time\" content=\"2024-12-23T14:59:32+00:00\" \/>\n<meta property=\"og:image\" content=\"https:\/\/www.fabrizioaltieri.it\/wordpress\/wp-content\/uploads\/2016\/11\/amazon.ico\" \/>\n<meta name=\"twitter:card\" content=\"summary_large_image\" \/>\n<meta name=\"twitter:site\" content=\"@scrittorone\" \/>\n<meta name=\"twitter:label1\" content=\"Tempo di lettura stimato\" \/>\n\t<meta name=\"twitter:data1\" content=\"4 minuti\" \/>\n<script type=\"application\/ld+json\" class=\"yoast-schema-graph\">{\"@context\":\"https:\\\/\\\/schema.org\",\"@graph\":[{\"@type\":[\"Article\",\"BlogPosting\"],\"@id\":\"https:\\\/\\\/www.fabrizioaltieri.it\\\/wordpress\\\/tutti-i-miei-libri-per-ragazzi\\\/einaudi-ragazzi\\\/come-sopravvissi-alla-prima-media\\\/#article\",\"isPartOf\":{\"@id\":\"https:\\\/\\\/www.fabrizioaltieri.it\\\/wordpress\\\/tutti-i-miei-libri-per-ragazzi\\\/einaudi-ragazzi\\\/come-sopravvissi-alla-prima-media\\\/\"},\"author\":{\"name\":\"Fabrizio\",\"@id\":\"https:\\\/\\\/www.fabrizioaltieri.it\\\/wordpress\\\/#\\\/schema\\\/person\\\/b9b57fbf444bfcc1f1861e5b25d24b41\"},\"headline\":\"Come sopravvissi alla prima media\",\"datePublished\":\"2016-12-24T16:40:08+00:00\",\"dateModified\":\"2024-12-23T14:59:32+00:00\",\"mainEntityOfPage\":{\"@id\":\"https:\\\/\\\/www.fabrizioaltieri.it\\\/wordpress\\\/tutti-i-miei-libri-per-ragazzi\\\/einaudi-ragazzi\\\/come-sopravvissi-alla-prima-media\\\/\"},\"wordCount\":353,\"publisher\":{\"@id\":\"https:\\\/\\\/www.fabrizioaltieri.it\\\/wordpress\\\/#\\\/schema\\\/person\\\/b9b57fbf444bfcc1f1861e5b25d24b41\"},\"image\":{\"@id\":\"https:\\\/\\\/www.fabrizioaltieri.it\\\/wordpress\\\/tutti-i-miei-libri-per-ragazzi\\\/einaudi-ragazzi\\\/come-sopravvissi-alla-prima-media\\\/#primaryimage\"},\"thumbnailUrl\":\"https:\\\/\\\/www.fabrizioaltieri.it\\\/wordpress\\\/wp-content\\\/uploads\\\/2016\\\/11\\\/amazon.ico\",\"keywords\":[\"bullismo\",\"Come sopravvissi alla prima media\",\"Einaudi Ragazzi\",\"Libri per ragazzi\",\"Storie e rime\"],\"inLanguage\":\"it-IT\"},{\"@type\":\"WebPage\",\"@id\":\"https:\\\/\\\/www.fabrizioaltieri.it\\\/wordpress\\\/tutti-i-miei-libri-per-ragazzi\\\/einaudi-ragazzi\\\/come-sopravvissi-alla-prima-media\\\/\",\"url\":\"https:\\\/\\\/www.fabrizioaltieri.it\\\/wordpress\\\/tutti-i-miei-libri-per-ragazzi\\\/einaudi-ragazzi\\\/come-sopravvissi-alla-prima-media\\\/\",\"name\":\"Come sopravvissi alla prima media - Un libro sul passaggio alle medie\",\"isPartOf\":{\"@id\":\"https:\\\/\\\/www.fabrizioaltieri.it\\\/wordpress\\\/#website\"},\"primaryImageOfPage\":{\"@id\":\"https:\\\/\\\/www.fabrizioaltieri.it\\\/wordpress\\\/tutti-i-miei-libri-per-ragazzi\\\/einaudi-ragazzi\\\/come-sopravvissi-alla-prima-media\\\/#primaryimage\"},\"image\":{\"@id\":\"https:\\\/\\\/www.fabrizioaltieri.it\\\/wordpress\\\/tutti-i-miei-libri-per-ragazzi\\\/einaudi-ragazzi\\\/come-sopravvissi-alla-prima-media\\\/#primaryimage\"},\"thumbnailUrl\":\"https:\\\/\\\/www.fabrizioaltieri.it\\\/wordpress\\\/wp-content\\\/uploads\\\/2016\\\/11\\\/amazon.ico\",\"datePublished\":\"2016-12-24T16:40:08+00:00\",\"dateModified\":\"2024-12-23T14:59:32+00:00\",\"description\":\"Come sopravvissi alla prima media libro Einaudi Ragazzi che tratta con ironia il delicato passaggio dalle elementari alle medie\",\"breadcrumb\":{\"@id\":\"https:\\\/\\\/www.fabrizioaltieri.it\\\/wordpress\\\/tutti-i-miei-libri-per-ragazzi\\\/einaudi-ragazzi\\\/come-sopravvissi-alla-prima-media\\\/#breadcrumb\"},\"inLanguage\":\"it-IT\",\"potentialAction\":[{\"@type\":\"ReadAction\",\"target\":[\"https:\\\/\\\/www.fabrizioaltieri.it\\\/wordpress\\\/tutti-i-miei-libri-per-ragazzi\\\/einaudi-ragazzi\\\/come-sopravvissi-alla-prima-media\\\/\"]}]},{\"@type\":\"ImageObject\",\"inLanguage\":\"it-IT\",\"@id\":\"https:\\\/\\\/www.fabrizioaltieri.it\\\/wordpress\\\/tutti-i-miei-libri-per-ragazzi\\\/einaudi-ragazzi\\\/come-sopravvissi-alla-prima-media\\\/#primaryimage\",\"url\":\"https:\\\/\\\/www.fabrizioaltieri.it\\\/wordpress\\\/wp-content\\\/uploads\\\/2016\\\/11\\\/amazon.ico\",\"contentUrl\":\"https:\\\/\\\/www.fabrizioaltieri.it\\\/wordpress\\\/wp-content\\\/uploads\\\/2016\\\/11\\\/amazon.ico\"},{\"@type\":\"BreadcrumbList\",\"@id\":\"https:\\\/\\\/www.fabrizioaltieri.it\\\/wordpress\\\/tutti-i-miei-libri-per-ragazzi\\\/einaudi-ragazzi\\\/come-sopravvissi-alla-prima-media\\\/#breadcrumb\",\"itemListElement\":[{\"@type\":\"ListItem\",\"position\":1,\"name\":\"Home\",\"item\":\"https:\\\/\\\/www.fabrizioaltieri.it\\\/wordpress\\\/\"},{\"@type\":\"ListItem\",\"position\":2,\"name\":\"Battello a Vapore\",\"item\":\"https:\\\/\\\/www.fabrizioaltieri.it\\\/wordpress\\\/tag\\\/battello-a-vapore\\\/\"},{\"@type\":\"ListItem\",\"position\":3,\"name\":\"Tutti i miei libri\",\"item\":\"https:\\\/\\\/www.fabrizioaltieri.it\\\/wordpress\\\/tutti-i-miei-libri-per-ragazzi\\\/\"},{\"@type\":\"ListItem\",\"position\":4,\"name\":\"Einaudi Ragazzi\",\"item\":\"https:\\\/\\\/www.fabrizioaltieri.it\\\/wordpress\\\/tutti-i-miei-libri-per-ragazzi\\\/einaudi-ragazzi\\\/\"},{\"@type\":\"ListItem\",\"position\":5,\"name\":\"Come sopravvissi alla prima media\"}]},{\"@type\":\"WebSite\",\"@id\":\"https:\\\/\\\/www.fabrizioaltieri.it\\\/wordpress\\\/#website\",\"url\":\"https:\\\/\\\/www.fabrizioaltieri.it\\\/wordpress\\\/\",\"name\":\"Fabrizio Altieri\",\"description\":\"Scrittore e insegnante\",\"publisher\":{\"@id\":\"https:\\\/\\\/www.fabrizioaltieri.it\\\/wordpress\\\/#\\\/schema\\\/person\\\/b9b57fbf444bfcc1f1861e5b25d24b41\"},\"alternateName\":\"Schede didattiche e libri per ragazzi\",\"potentialAction\":[{\"@type\":\"SearchAction\",\"target\":{\"@type\":\"EntryPoint\",\"urlTemplate\":\"https:\\\/\\\/www.fabrizioaltieri.it\\\/wordpress\\\/?s={search_term_string}\"},\"query-input\":{\"@type\":\"PropertyValueSpecification\",\"valueRequired\":true,\"valueName\":\"search_term_string\"}}],\"inLanguage\":\"it-IT\"},{\"@type\":[\"Person\",\"Organization\"],\"@id\":\"https:\\\/\\\/www.fabrizioaltieri.it\\\/wordpress\\\/#\\\/schema\\\/person\\\/b9b57fbf444bfcc1f1861e5b25d24b41\",\"name\":\"Fabrizio\",\"image\":{\"@type\":\"ImageObject\",\"inLanguage\":\"it-IT\",\"@id\":\"https:\\\/\\\/www.fabrizioaltieri.it\\\/wordpress\\\/wp-content\\\/uploads\\\/2023\\\/12\\\/scrittorone-e1729327151144.jpg\",\"url\":\"https:\\\/\\\/www.fabrizioaltieri.it\\\/wordpress\\\/wp-content\\\/uploads\\\/2023\\\/12\\\/scrittorone-e1729327151144.jpg\",\"contentUrl\":\"https:\\\/\\\/www.fabrizioaltieri.it\\\/wordpress\\\/wp-content\\\/uploads\\\/2023\\\/12\\\/scrittorone-e1729327151144.jpg\",\"width\":320,\"height\":320,\"caption\":\"Fabrizio\"},\"logo\":{\"@id\":\"https:\\\/\\\/www.fabrizioaltieri.it\\\/wordpress\\\/wp-content\\\/uploads\\\/2023\\\/12\\\/scrittorone-e1729327151144.jpg\"},\"description\":\"Fabrizio Altieri, pisano, \u00e8 insegnante e scrive libri per ragazzi e per grandi. Ha pubblicato con le pi\u00f9 importanti case editrici tra le quali Mondadori, Feltrinelli, Rizzoli e Il Battello a Vapore\",\"sameAs\":[\"https:\\\/\\\/www.facebook.com\\\/fabrizio.altieri\",\"https:\\\/\\\/www.instagram.com\\\/scrittorone\\\/\",\"https:\\\/\\\/x.com\\\/https:\\\/\\\/twitter.com\\\/scrittorone\"],\"url\":\"https:\\\/\\\/www.fabrizioaltieri.it\\\/wordpress\\\/author\\\/fabcyr79\\\/\"}]}<\/script>\n<!-- \/ Yoast SEO plugin. -->","yoast_head_json":{"title":"Come sopravvissi alla prima media - Un libro sul passaggio alle medie","description":"Come sopravvissi alla prima media libro Einaudi Ragazzi che tratta con ironia il delicato passaggio dalle elementari alle medie","robots":{"index":"index","follow":"follow","max-snippet":"max-snippet:-1","max-image-preview":"max-image-preview:large","max-video-preview":"max-video-preview:-1"},"canonical":"https:\/\/www.fabrizioaltieri.it\/wordpress\/tutti-i-miei-libri-per-ragazzi\/einaudi-ragazzi\/come-sopravvissi-alla-prima-media\/","og_locale":"it_IT","og_type":"article","og_title":"Come sopravvissi alla prima media - Un libro sul passaggio alle medie","og_description":"Come sopravvissi alla prima media libro Einaudi Ragazzi che tratta con ironia il delicato passaggio dalle elementari alle medie","og_url":"https:\/\/www.fabrizioaltieri.it\/wordpress\/tutti-i-miei-libri-per-ragazzi\/einaudi-ragazzi\/come-sopravvissi-alla-prima-media\/","og_site_name":"Fabrizio Altieri","article_publisher":"https:\/\/www.facebook.com\/fabrizio.altieri","article_modified_time":"2024-12-23T14:59:32+00:00","og_image":[{"url":"https:\/\/www.fabrizioaltieri.it\/wordpress\/wp-content\/uploads\/2016\/11\/amazon.ico","type":"","width":"","height":""}],"twitter_card":"summary_large_image","twitter_site":"@scrittorone","twitter_misc":{"Tempo di lettura stimato":"4 minuti"},"schema":{"@context":"https:\/\/schema.org","@graph":[{"@type":["Article","BlogPosting"],"@id":"https:\/\/www.fabrizioaltieri.it\/wordpress\/tutti-i-miei-libri-per-ragazzi\/einaudi-ragazzi\/come-sopravvissi-alla-prima-media\/#article","isPartOf":{"@id":"https:\/\/www.fabrizioaltieri.it\/wordpress\/tutti-i-miei-libri-per-ragazzi\/einaudi-ragazzi\/come-sopravvissi-alla-prima-media\/"},"author":{"name":"Fabrizio","@id":"https:\/\/www.fabrizioaltieri.it\/wordpress\/#\/schema\/person\/b9b57fbf444bfcc1f1861e5b25d24b41"},"headline":"Come sopravvissi alla prima media","datePublished":"2016-12-24T16:40:08+00:00","dateModified":"2024-12-23T14:59:32+00:00","mainEntityOfPage":{"@id":"https:\/\/www.fabrizioaltieri.it\/wordpress\/tutti-i-miei-libri-per-ragazzi\/einaudi-ragazzi\/come-sopravvissi-alla-prima-media\/"},"wordCount":353,"publisher":{"@id":"https:\/\/www.fabrizioaltieri.it\/wordpress\/#\/schema\/person\/b9b57fbf444bfcc1f1861e5b25d24b41"},"image":{"@id":"https:\/\/www.fabrizioaltieri.it\/wordpress\/tutti-i-miei-libri-per-ragazzi\/einaudi-ragazzi\/come-sopravvissi-alla-prima-media\/#primaryimage"},"thumbnailUrl":"https:\/\/www.fabrizioaltieri.it\/wordpress\/wp-content\/uploads\/2016\/11\/amazon.ico","keywords":["bullismo","Come sopravvissi alla prima media","Einaudi Ragazzi","Libri per ragazzi","Storie e rime"],"inLanguage":"it-IT"},{"@type":"WebPage","@id":"https:\/\/www.fabrizioaltieri.it\/wordpress\/tutti-i-miei-libri-per-ragazzi\/einaudi-ragazzi\/come-sopravvissi-alla-prima-media\/","url":"https:\/\/www.fabrizioaltieri.it\/wordpress\/tutti-i-miei-libri-per-ragazzi\/einaudi-ragazzi\/come-sopravvissi-alla-prima-media\/","name":"Come sopravvissi alla prima media - Un libro sul passaggio alle medie","isPartOf":{"@id":"https:\/\/www.fabrizioaltieri.it\/wordpress\/#website"},"primaryImageOfPage":{"@id":"https:\/\/www.fabrizioaltieri.it\/wordpress\/tutti-i-miei-libri-per-ragazzi\/einaudi-ragazzi\/come-sopravvissi-alla-prima-media\/#primaryimage"},"image":{"@id":"https:\/\/www.fabrizioaltieri.it\/wordpress\/tutti-i-miei-libri-per-ragazzi\/einaudi-ragazzi\/come-sopravvissi-alla-prima-media\/#primaryimage"},"thumbnailUrl":"https:\/\/www.fabrizioaltieri.it\/wordpress\/wp-content\/uploads\/2016\/11\/amazon.ico","datePublished":"2016-12-24T16:40:08+00:00","dateModified":"2024-12-23T14:59:32+00:00","description":"Come sopravvissi alla prima media libro Einaudi Ragazzi che tratta con ironia il delicato passaggio dalle elementari alle medie","breadcrumb":{"@id":"https:\/\/www.fabrizioaltieri.it\/wordpress\/tutti-i-miei-libri-per-ragazzi\/einaudi-ragazzi\/come-sopravvissi-alla-prima-media\/#breadcrumb"},"inLanguage":"it-IT","potentialAction":[{"@type":"ReadAction","target":["https:\/\/www.fabrizioaltieri.it\/wordpress\/tutti-i-miei-libri-per-ragazzi\/einaudi-ragazzi\/come-sopravvissi-alla-prima-media\/"]}]},{"@type":"ImageObject","inLanguage":"it-IT","@id":"https:\/\/www.fabrizioaltieri.it\/wordpress\/tutti-i-miei-libri-per-ragazzi\/einaudi-ragazzi\/come-sopravvissi-alla-prima-media\/#primaryimage","url":"https:\/\/www.fabrizioaltieri.it\/wordpress\/wp-content\/uploads\/2016\/11\/amazon.ico","contentUrl":"https:\/\/www.fabrizioaltieri.it\/wordpress\/wp-content\/uploads\/2016\/11\/amazon.ico"},{"@type":"BreadcrumbList","@id":"https:\/\/www.fabrizioaltieri.it\/wordpress\/tutti-i-miei-libri-per-ragazzi\/einaudi-ragazzi\/come-sopravvissi-alla-prima-media\/#breadcrumb","itemListElement":[{"@type":"ListItem","position":1,"name":"Home","item":"https:\/\/www.fabrizioaltieri.it\/wordpress\/"},{"@type":"ListItem","position":2,"name":"Battello a Vapore","item":"https:\/\/www.fabrizioaltieri.it\/wordpress\/tag\/battello-a-vapore\/"},{"@type":"ListItem","position":3,"name":"Tutti i miei libri","item":"https:\/\/www.fabrizioaltieri.it\/wordpress\/tutti-i-miei-libri-per-ragazzi\/"},{"@type":"ListItem","position":4,"name":"Einaudi Ragazzi","item":"https:\/\/www.fabrizioaltieri.it\/wordpress\/tutti-i-miei-libri-per-ragazzi\/einaudi-ragazzi\/"},{"@type":"ListItem","position":5,"name":"Come sopravvissi alla prima media"}]},{"@type":"WebSite","@id":"https:\/\/www.fabrizioaltieri.it\/wordpress\/#website","url":"https:\/\/www.fabrizioaltieri.it\/wordpress\/","name":"Fabrizio Altieri","description":"Scrittore e insegnante","publisher":{"@id":"https:\/\/www.fabrizioaltieri.it\/wordpress\/#\/schema\/person\/b9b57fbf444bfcc1f1861e5b25d24b41"},"alternateName":"Schede didattiche e libri per ragazzi","potentialAction":[{"@type":"SearchAction","target":{"@type":"EntryPoint","urlTemplate":"https:\/\/www.fabrizioaltieri.it\/wordpress\/?s={search_term_string}"},"query-input":{"@type":"PropertyValueSpecification","valueRequired":true,"valueName":"search_term_string"}}],"inLanguage":"it-IT"},{"@type":["Person","Organization"],"@id":"https:\/\/www.fabrizioaltieri.it\/wordpress\/#\/schema\/person\/b9b57fbf444bfcc1f1861e5b25d24b41","name":"Fabrizio","image":{"@type":"ImageObject","inLanguage":"it-IT","@id":"https:\/\/www.fabrizioaltieri.it\/wordpress\/wp-content\/uploads\/2023\/12\/scrittorone-e1729327151144.jpg","url":"https:\/\/www.fabrizioaltieri.it\/wordpress\/wp-content\/uploads\/2023\/12\/scrittorone-e1729327151144.jpg","contentUrl":"https:\/\/www.fabrizioaltieri.it\/wordpress\/wp-content\/uploads\/2023\/12\/scrittorone-e1729327151144.jpg","width":320,"height":320,"caption":"Fabrizio"},"logo":{"@id":"https:\/\/www.fabrizioaltieri.it\/wordpress\/wp-content\/uploads\/2023\/12\/scrittorone-e1729327151144.jpg"},"description":"Fabrizio Altieri, pisano, \u00e8 insegnante e scrive libri per ragazzi e per grandi. Ha pubblicato con le pi\u00f9 importanti case editrici tra le quali Mondadori, Feltrinelli, Rizzoli e Il Battello a Vapore","sameAs":["https:\/\/www.facebook.com\/fabrizio.altieri","https:\/\/www.instagram.com\/scrittorone\/","https:\/\/x.com\/https:\/\/twitter.com\/scrittorone"],"url":"https:\/\/www.fabrizioaltieri.it\/wordpress\/author\/fabcyr79\/"}]}},"_links":{"self":[{"href":"https:\/\/www.fabrizioaltieri.it\/wordpress\/wp-json\/wp\/v2\/pages\/8032","targetHints":{"allow":["GET"]}}],"collection":[{"href":"https:\/\/www.fabrizioaltieri.it\/wordpress\/wp-json\/wp\/v2\/pages"}],"about":[{"href":"https:\/\/www.fabrizioaltieri.it\/wordpress\/wp-json\/wp\/v2\/types\/page"}],"author":[{"embeddable":true,"href":"https:\/\/www.fabrizioaltieri.it\/wordpress\/wp-json\/wp\/v2\/users\/1"}],"replies":[{"embeddable":true,"href":"https:\/\/www.fabrizioaltieri.it\/wordpress\/wp-json\/wp\/v2\/comments?post=8032"}],"version-history":[{"count":0,"href":"https:\/\/www.fabrizioaltieri.it\/wordpress\/wp-json\/wp\/v2\/pages\/8032\/revisions"}],"up":[{"embeddable":true,"href":"https:\/\/www.fabrizioaltieri.it\/wordpress\/wp-json\/wp\/v2\/pages\/4919"}],"wp:attachment":[{"href":"https:\/\/www.fabrizioaltieri.it\/wordpress\/wp-json\/wp\/v2\/media?parent=8032"}],"curies":[{"name":"wp","href":"https:\/\/api.w.org\/{rel}","templated":true}]}}